{"id":14,"date":"2016-02-27T08:40:04","date_gmt":"2016-02-27T08:40:04","guid":{"rendered":"http:\/\/test.kriesi.at\/enfold-cv\/?page_id=2"},"modified":"2025-03-05T19:36:44","modified_gmt":"2025-03-05T18:36:44","slug":"cv","status":"publish","type":"page","link":"https:\/\/psmazur.pl\/","title":{"rendered":"CV"},"content":{"rendered":"<\/div><\/div><\/div><!-- close content main div --><\/div><\/div><div id='av_section_1' class='avia-section main_color avia-section-default avia-no-shadow avia-bg-style-scroll  container_wrap fullsize'   ><div class='av-section-color-overlay-wrap'><a href='#next-section' title='' class='scroll-down-link' aria-hidden='true' data-av_icon='\ue877' data-av_iconfont='entypo-fontello'><\/a><div class='container' ><div class='template-page content  av-content-full alpha units'><div class='post-entry post-entry-type-page post-entry-14'><div class='entry-content-wrapper clearfix'>\n<div class='flex_column_table av-equal-height-column-flextable' style='margin-top:0px; margin-bottom:0px; '><div class=\"flex_column av_one_third  av-animated-generic fade-in  no_margin flex_column_table_cell av-equal-height-column av-align-top first  \" style='padding:0px 20px 0px 0px ; border-radius:0px; '><div class='avia-image-container  av-styling-circle   avia-align-left '  itemscope=\"itemscope\" itemtype=\"https:\/\/schema.org\/ImageObject\"  ><div class='avia-image-container-inner'><a href='https:\/\/psmazur.pl\/wp-content\/uploads\/2018\/03\/psmazur-foto-1.jpg' class='avia_image'  ><img class='avia_image ' src='https:\/\/psmazur.pl\/wp-content\/uploads\/2018\/03\/psmazur-foto-1.jpg' alt='' title='psmazur-foto'  itemprop=\"thumbnailUrl\"  \/><\/a><\/div><\/div><\/div><\/div><!--close column table wrapper. Autoclose: 1 --><div class='flex_column_table av-equal-height-column-flextable' style='margin-top:0px; margin-bottom:0px; '><div class=\"flex_column av_two_third  av-animated-generic fade-in  no_margin flex_column_table_cell av-equal-height-column av-align-top   \" style='padding:0px 20px 0px 0px ; border-radius:0px; '><div style='padding-bottom:0px;font-size:40px;' class='av-special-heading av-special-heading-h3  blockquote modern-quote   av-inherit-size'><h3 class='av-special-heading-tag'  itemprop=\"headline\"  >Dr hab. Piotr Mazur<\/h3><div class ='av-subheading av-subheading_below ' style='font-size:14px;'><p>doktor habilitowany nauk humanistycznych,<br \/>\npracownik dydaktyczny Pa\u0144stwowej Akademii Nauk Stosowanych w Che\u0142mie<\/p>\n<\/div><div class='special-heading-border'><div class='special-heading-inner-border' ><\/div><\/div><\/div><\/div><\/div><!--close column table wrapper. Autoclose: 1 --><div style='height:100px' class='hr hr-invisible '><span class='hr-inner ' ><span class='hr-inner-style'><\/span><\/span><\/div>\n<div class=\"flex_column av_one_third  av-animated-generic fade-in  flex_column_div av-zero-column-padding first  \" style='border-radius:0px; '><p><div style='height:1px; margin-top:-52px'  class='hr hr-invisible '><span class='hr-inner ' ><span class='hr-inner-style'><\/span><\/span><\/div><br \/>\n<div style='padding-bottom:0px;' class='av-special-heading av-special-heading-h1  blockquote modern-quote  '><h1 class='av-special-heading-tag'  itemprop=\"headline\"  >Wprowadzenie<\/h1><div class='special-heading-border'><div class='special-heading-inner-border' ><\/div><\/div><\/div><\/p><\/div><div class=\"flex_column av_two_third  av-animated-generic fade-in  flex_column_div av-zero-column-padding   \" style='border-radius:0px; '><section class=\"av_textblock_section\"  itemscope=\"itemscope\" itemtype=\"https:\/\/schema.org\/CreativeWork\" ><div class='avia_textblock '   itemprop=\"text\" ><p style=\"margin: 0cm; margin-bottom: .0001pt; line-height: 14.4pt;\"><strong>Witam na mojej prywatnej stronie.<br \/>\n<\/strong>Zapraszam do lektury na temat swojej pracy i realizowanych projekt\u00f3w.<br \/>\nZainteresowanych wsp\u00f3\u0142prac\u0105 &#8211;\u00a0<strong>zapraszam do kontaktu!<\/strong><\/p>\n<p>Pozdrawiam<\/p>\n<\/div><\/section><br \/>\n<div class='avia-image-container  av-styling-no-styling   avia-align-left '  itemscope=\"itemscope\" itemtype=\"https:\/\/schema.org\/ImageObject\"  ><div class='avia-image-container-inner'><img class='avia_image ' src='https:\/\/psmazur.pl\/wp-content\/uploads\/2016\/02\/podpis.png' alt='' title='podpis'   itemprop=\"thumbnailUrl\"  \/><\/div><\/div><\/p><\/div>\n\n<\/div><\/div><\/div><!-- close content main div --><\/div><\/div><\/div><div id='av_section_2' class='avia-section main_color avia-section-large avia-no-border-styling avia-bg-style-scroll  container_wrap fullsize'   ><div class='container' ><div class='template-page content  av-content-full alpha units'><div class='post-entry post-entry-type-page post-entry-14'><div class='entry-content-wrapper clearfix'>\n<div class=\"flex_column av_one_third  flex_column_div av-zero-column-padding first  \" style='border-radius:0px; '><p><div style='height:1px; margin-top:-58px'  class='hr hr-invisible '><span class='hr-inner ' ><span class='hr-inner-style'><\/span><\/span><\/div><br \/>\n<div style='padding-bottom:0px;' class='av-special-heading av-special-heading-h1  blockquote modern-quote  '><h1 class='av-special-heading-tag'  itemprop=\"headline\"  >O mnie<\/h1><div class='special-heading-border'><div class='special-heading-inner-border' ><\/div><\/div><\/div><\/p><\/div><div class=\"flex_column av_two_third  av-animated-generic fade-in  flex_column_div av-zero-column-padding   \" style='border-radius:0px; '><div class=\"togglecontainer toggle_close_all \">\n<section class=\"av_toggle_section\"  itemscope=\"itemscope\" itemtype=\"https:\/\/schema.org\/CreativeWork\" >    <div class=\"single_toggle\" data-tags=\"{All} \" >        <p data-fake-id=\"#toggle-id-1\" class=\"toggler \"  itemprop=\"headline\" >Wykszta\u0142cenie<span class=\"toggle_icon\">        <span class=\"vert_icon\"><\/span><span class=\"hor_icon\"><\/span><\/span><\/p>        <div id=\"toggle-id-1-container\" class=\"toggle_wrap \" >            <div class=\"toggle_content invers-color\"  itemprop=\"text\" ><div class=\"av-subheading av-subheading_above \">\n<ul>\n<li id=\"h.p_VbL6tvuv_Wd2\" class=\"zfr3Q\">Katolicki Uniwersytet w Ru\u017eomberku \u2013 doktor habilitowany nauk humanistycznych (2008)<\/li>\n<li id=\"h.p_JbCHECq2_Wd2\" class=\"zfr3Q\">Katolicki Uniwersytet Lubelski \u2013 doktor nauk humanistycznych w zakresie pedagogiki (2003)<\/li>\n<li id=\"h.p_g-1NKccdtjTA\" class=\"zfr3Q\">Katolicki Uniwersytet Lubelski \u2013 magisterium (1996)<\/li>\n<\/ul>\n<\/div>\n            <\/div>        <\/div>    <\/div><\/section>\n<section class=\"av_toggle_section\"  itemscope=\"itemscope\" itemtype=\"https:\/\/schema.org\/CreativeWork\" >    <div class=\"single_toggle\" data-tags=\"{All} \" >        <p data-fake-id=\"#toggle-id-2\" class=\"toggler \"  itemprop=\"headline\" >Przebieg pracy zawodowej<span class=\"toggle_icon\">        <span class=\"vert_icon\"><\/span><span class=\"hor_icon\"><\/span><\/span><\/p>        <div id=\"toggle-id-2-container\" class=\"toggle_wrap \" >            <div class=\"toggle_content invers-color\"  itemprop=\"text\" ><ul>\n<li id=\"h.p_8xZJCcRz_amt\" class=\"zfr3Q\">Pa\u0144stwowa Wy\u017csza Szko\u0142a Zawodowa w Che\u0142mie (od 2007)<\/li>\n<li id=\"h.p_KYQbluBfttuK\" class=\"zfr3Q\">Staropolska Szko\u0142a Wy\u017csza w Kielcach (2011-2018)<\/li>\n<li id=\"h.p_uRTZ5LB_ttyS\" class=\"zfr3Q\">Wy\u017csza Szko\u0142a Filozoficzno-Pedagogiczna IGNATIANUM w Krakowie (2009-2011)<\/li>\n<li id=\"h.p_wiMK07Gztyim\" class=\"zfr3Q\">Wy\u017csza Szko\u0142a Ekonomii, Turystki i Nauk Spo\u0142ecznych w Kielcach (2008-2009)<\/li>\n<li id=\"h.p_FH1LNouFtyl4\" class=\"zfr3Q\">dyrektor Katolickiego Liceum Og\u00f3lnokszta\u0142c\u0105cego im. Jana Paw\u0142a II w Bi\u0142goraju (2005-2007)<\/li>\n<li id=\"h.p_JkT1mFtXt2bb\" class=\"zfr3Q\">nauczyciel w Zespole Szk\u00f3\u0142 nr 2 w Tomaszowie Lubelskim (2004-2005)<\/li>\n<li id=\"h.p_2VdNM8dut45h\" class=\"zfr3Q\">Katolicki Uniwersytet Lubelski Jana Paw\u0142a II w Lublinie (2004-2008)<\/li>\n<li id=\"h.p_DvnalS7ptt3a\" class=\"zfr3Q\">nauczyciel w szko\u0142ach podstawowych (1996-2003)<\/li>\n<\/ul>\n            <\/div>        <\/div>    <\/div><\/section>\n<section class=\"av_toggle_section\"  itemscope=\"itemscope\" itemtype=\"https:\/\/schema.org\/CreativeWork\" >    <div class=\"single_toggle\" data-tags=\"{All} \" >        <p data-fake-id=\"#toggle-id-3\" class=\"toggler \"  itemprop=\"headline\" >Pe\u0142nione funkcje<span class=\"toggle_icon\">        <span class=\"vert_icon\"><\/span><span class=\"hor_icon\"><\/span><\/span><\/p>        <div id=\"toggle-id-3-container\" class=\"toggle_wrap \" >            <div class=\"toggle_content invers-color\"  itemprop=\"text\" ><ul>\n<li>redaktor naczelny <a href=\"http:\/\/scientific.pwsz.chelm.pl\/\">\u201eScientific Bulletin of Che\u0142m &#8211; Section of Pedagogy\u201d<\/a> (od 2010)<\/li>\n<li id=\"h.p_cHA-UreG_r_V\" class=\"zfr3Q\">redaktor tematyczny <a href=\"http:\/\/pwsz.chelm.pl\/scientia\/\">\u201eScientia\u201d<\/a> (od 2016)<\/li>\n<li>redaktor naczelny \u201eModern Social Science Journal \u2013 Theory and Good Practice\u201d (2018-2021)<\/li>\n<li id=\"h.p_YAGd_ldY_zP6\" class=\"zfr3Q\">kierownik Katedry Pedagogiki w Pa\u0144stwowej Wy\u017cszej Szko\u0142y Zawodowej w Che\u0142mie (2008-2019)<\/li>\n<li id=\"h.p_KJcvHceh_zQE\" class=\"zfr3Q\">dziekan Wydzia\u0142u Zamiejscowego w My\u015blenicach Wy\u017cszej Szko\u0142y Ekonomii, Turystki i Nauk Spo\u0142ecznych w Kielcach (2011-2013)<\/li>\n<li id=\"h.p_h5PdPYZouEPz\" class=\"zfr3Q\">rzecznik dyscyplinarny do spraw student\u00f3w w Wy\u017cszej Szkole Filozoficzno-Pedagogicznej IGNATIANUM w Krakowie (2009-2010)<\/li>\n<li id=\"h.p_FTwK4YUVuI4f\" class=\"zfr3Q\">przewodnicz\u0105cy Wydzia\u0142owej Komisji Dydaktycznej w Wy\u017cszej Szkole Filozoficzno-Pedagogicznej IGNATIANUM w Krakowie (2009-2010)<\/li>\n<\/ul>\n            <\/div>        <\/div>    <\/div><\/section>\n<section class=\"av_toggle_section\"  itemscope=\"itemscope\" itemtype=\"https:\/\/schema.org\/CreativeWork\" >    <div class=\"single_toggle\" data-tags=\"{All} \" >        <p data-fake-id=\"#toggle-id-4\" class=\"toggler \"  itemprop=\"headline\" >Nagrody naukowe i odznaczenia<span class=\"toggle_icon\">        <span class=\"vert_icon\"><\/span><span class=\"hor_icon\"><\/span><\/span><\/p>        <div id=\"toggle-id-4-container\" class=\"toggle_wrap \" >            <div class=\"toggle_content invers-color\"  itemprop=\"text\" ><ul>\n<li id=\"h.p_q4j1edjl__9v\" class=\"zfr3Q\">nagroda indywidualna II stopnia Rektora Pa\u0144stwowej Wy\u017cszej Szko\u0142y Zawodowej w Che\u0142mie (2016)<\/li>\n<li id=\"h.p_dP0K7qdtusrO\" class=\"zfr3Q\">medal Rektora Vysokej \u0161koly medzin\u00e1rodn\u00e9ho podnikania ISM Slovakia v Pre\u0161ove (2012)<\/li>\n<li id=\"h.p_LwtoBa1juvbw\" class=\"zfr3Q\">nagroda indywidualna II stopnia Rektora Pa\u0144stwowej Wy\u017cszej Szko\u0142y Zawodowej w Che\u0142mie (2011)<\/li>\n<li id=\"h.p_EyK4kFsrus0e\" class=\"zfr3Q\">nagroda indywidualna I stopnia Rektora Pa\u0144stwowej Wy\u017cszej Szko\u0142y Zawodowej w Che\u0142mie (2008)<\/li>\n<\/ul>\n            <\/div>        <\/div>    <\/div><\/section>\n<section class=\"av_toggle_section\"  itemscope=\"itemscope\" itemtype=\"https:\/\/schema.org\/CreativeWork\" >    <div class=\"single_toggle\" data-tags=\"{All} \" >        <p data-fake-id=\"#toggle-id-5\" class=\"toggler \"  itemprop=\"headline\" >Ekspert<span class=\"toggle_icon\">        <span class=\"vert_icon\"><\/span><span class=\"hor_icon\"><\/span><\/span><\/p>        <div id=\"toggle-id-5-container\" class=\"toggle_wrap \" >            <div class=\"toggle_content invers-color\"  itemprop=\"text\" ><ul class=\"n8H08c UVNKR\">\n<li>specjalista i ekspert Zintegrowanego Systemu Kwalifikacji<\/li>\n<li>Erasmus+ Edukacja szkolna, Kszta\u0142cenie i szkolenia zawodowe<\/li>\n<li id=\"h.p_0x2xj_twAa69\" class=\"zfr3Q TYR86d\">Narodowego Centrum Bada\u0144 i Rozwoju<\/li>\n<li id=\"h.p_aV5_hkECpZLh\" class=\"zfr3Q TYR86d\">ds. opracowania systemu walidacji i certyfikacji trener\u00f3w o\u015bwiaty<\/li>\n<li id=\"h.p_fPN_FM-eN8aa\" class=\"zfr3Q TYR86d\">zespo\u0142u pilota\u017cowego wdra\u017cania systemu ECVET<\/li>\n<li>Kult\u00farna a eduka\u010dn\u00e1 grantov\u00e1 agent\u00fara Ministerstva \u0161kolstva, vedy, v\u00fdskumu a \u0161portu\u00a0Slovenskej republiky\u00a0(KEGA)<\/li>\n<li>Narodowej Agencji Wymiany Akademickiej<\/li>\n<\/ul>\n            <\/div>        <\/div>    <\/div><\/section>\n<section class=\"av_toggle_section\"  itemscope=\"itemscope\" itemtype=\"https:\/\/schema.org\/CreativeWork\" >    <div class=\"single_toggle\" data-tags=\"{All} \" >        <p data-fake-id=\"#toggle-id-6\" class=\"toggler \"  itemprop=\"headline\" >Cz\u0142onkostwo w instytucjach naukowych<span class=\"toggle_icon\">        <span class=\"vert_icon\"><\/span><span class=\"hor_icon\"><\/span><\/span><\/p>        <div id=\"toggle-id-6-container\" class=\"toggle_wrap \" >            <div class=\"toggle_content invers-color\"  itemprop=\"text\" ><ul>\n<li><a href=\"http:\/\/www.ptde.org\/\">Polskie Towarzystwo Diagnostyki Edukacyjnej <\/a>(od 2019)<\/li>\n<li id=\"h.p_guQMppirAsc8\" class=\"zfr3Q\"><a class=\"dhtgD\" href=\"http:\/\/www.google.com\/url?q=http%3A%2F%2Fwww.pedagog.uw.edu.pl%2FTHE%2F&amp;sa=D&amp;sntz=1&amp;usg=AFQjCNFeq53Pn6iK81q2wjFFSGakfx3l7g\" target=\"_blank\" rel=\"noopener noreferrer\">Towarzystwo Historii Edukacji<\/a> (od 2013)<\/li>\n<li id=\"h.p_IIYytaioAyey\" class=\"zfr3Q\"><a class=\"dhtgD\" href=\"http:\/\/www.google.com\/url?q=http%3A%2F%2Fsrch.chbp.chelm.pl%2F&amp;sa=D&amp;sntz=1&amp;usg=AFQjCNFgi10X-PE72ppFm7R_HUXRiY1efw\" target=\"_blank\" rel=\"noopener noreferrer\">Stowarzyszenie \u201eRocznik Che\u0142mski\u201d<\/a> (2012-2017)<\/li>\n<li id=\"h.p_z-ieXlbDAye8\" class=\"zfr3Q\"><a class=\"dhtgD\" href=\"http:\/\/www.google.com\/url?q=http%3A%2F%2Fwww.omep.org.pl%2F&amp;sa=D&amp;sntz=1&amp;usg=AFQjCNEOdhaOgYEVDdCUGQCELzyL3zJdaw\" target=\"_blank\" rel=\"noopener noreferrer\">Polski Komitet \u015awiatowej Organizacji Wychowania Przedszkolnego OMEP<\/a> (od 2009)<\/li>\n<li id=\"h.p_UoL6ZUCXu8CS\" class=\"zfr3Q\"><a class=\"dhtgD\" href=\"http:\/\/www.google.com\/url?q=http%3A%2F%2Fpwsz.chelm.pl%2Fchtn%2F&amp;sa=D&amp;sntz=1&amp;usg=AFQjCNGNTQgSuoLxifsKABunHGBEfp8lsg\" target=\"_blank\" rel=\"noopener noreferrer\">Che\u0142mskie Towarzystwo Naukowe<\/a> (od 2008)<\/li>\n<li id=\"h.p_GMBAPeYEu5iv\" class=\"zfr3Q\">Zesp\u00f3\u0142 Pedagogiki Chrze\u015bcija\u0144skiej Komitetu Nauk Pedagogicznych PAN (od 2005)<\/li>\n<\/ul>\n            <\/div>        <\/div>    <\/div><\/section>\n<section class=\"av_toggle_section\"  itemscope=\"itemscope\" itemtype=\"https:\/\/schema.org\/CreativeWork\" >    <div class=\"single_toggle\" data-tags=\"{All} \" >        <p data-fake-id=\"#toggle-id-7\" class=\"toggler \"  itemprop=\"headline\" >Cz\u0142onkostwo w komitetach i radach naukowych czasopism<span class=\"toggle_icon\">        <span class=\"vert_icon\"><\/span><span class=\"hor_icon\"><\/span><\/span><\/p>        <div id=\"toggle-id-7-container\" class=\"toggle_wrap \" >            <div class=\"toggle_content invers-color\"  itemprop=\"text\" ><ul>\n<li>\n<p style=\"margin: 0cm; vertical-align: baseline;\">Cz\u0142onek rady naukowej: <span style=\"color: black;\"><a href=\"http:\/\/www.maneko.sk\/casopis\/\">MANEKO (Mana\u017ement a ekonomika podniku)<\/a>, S\u0142owacja (od 2022)<\/span><\/p>\n<\/li>\n<li>Cz\u0142onek rady redakcyjnej:\u00a0<a href=\"http:\/\/www.science-gate.com\/IJAAS\/\">International Journal of Advanced and Applied Sciences<\/a>, Taiwan, Province of China (od 2020)<\/li>\n<li>Cz\u0142onek rady redakcyjnej: <a href=\"http:\/\/journals.pu.if.ua\/index.php\/jpnu\">Journal of Vasyl Stefanyk Precarpathian National University<\/a>, Ukraina (od 2019)<\/li>\n<li>Cz\u0142onek rady naukowej: <a href=\"https:\/\/journals.pnu.edu.ua\/index.php\/obrii\">\u041ec\u0432i\u0442\u043di o\u0431\u0440\u0456\u0457<\/a><strong>\u00a0\u2013\u00a0<\/strong>\u0406\u0432\u0430\u043d\u043e-\u0424\u0440\u0430\u043d\u043a\u0456\u0432\u0441\u044c\u043a\u0438\u0439 \u043e\u0431\u043b\u0430\u0441\u043d\u0438\u0439 \u0456\u043d\u0441\u0442\u0438\u0442\u0443\u0442 \u043f\u0456\u0441\u043b\u044f\u0434\u0438\u043f\u043b\u043e\u043c\u043d\u043e\u0457 \u043f\u0435\u0434\u0430\u0433\u043e\u0433\u0456\u0447\u043d\u043e\u0457 \u043e\u0441\u0432\u0456\u0442\u0438, Ukraina (od 2019)<\/li>\n<li>Cz\u0142onek rady redakcyjnej: <a href=\"http:\/\/studiascientifica.ku.sk\/\" target=\"_blank\" rel=\"noopener\">Studia Scientifica Facultatis Paedagogicae<\/a> &#8211; Katol\u00edcka univerzita v Ru\u017eomberku, S\u0142owacja (od 2019)<\/li>\n<li>Cz\u0142onek rady redakcyjnej: &#8222;\u041f\u0435\u0434\u0430\u0433\u043e\u0433\u0456\u043a\u0430&#8221; &#8211; \u0421\u0445\u0456\u0434\u043d\u043e\u0454\u0432\u0440\u043e\u043f\u0435\u0439\u0441\u044c\u043a\u0438\u0439 \u043d\u0430\u0446\u0456\u043e\u043d\u0430\u043b\u044c\u043d\u0438\u0439 \u0443\u043d\u0456\u0432\u0435\u0440\u0441\u0438\u0442\u0435\u0442 \u0456\u043c\u0435\u043d\u0456 \u041b\u0435\u0441\u0456 \u0423\u043a\u0440\u0430\u0457\u043d\u043a\u0438, Ukraina (od 2016)<\/li>\n<li id=\"h.p_VHofuBP2BEw3\" class=\"zfr3Q\">Cz\u0142onek rady redakcyjnej: <a class=\"dhtgD\" href=\"http:\/\/www.google.com\/url?q=http%3A%2F%2Feenu.edu.ua%2Fuk%2Fpublishing%2Fpedagogichniy-chasopis-volini&amp;sa=D&amp;sntz=1&amp;usg=AFQjCNFsTgulvNhJMHN6dFgV316mplhHrw\" target=\"_blank\" rel=\"noopener noreferrer\">\u041f\u0435\u0434\u0430\u0433\u043e\u0433\u0456\u0447\u043d\u0438\u0439 \u0447\u0430\u0441\u043e\u043f\u0438\u0441 \u0412\u043e\u043b\u0438\u043d\u0456<\/a> &#8211; \u0421\u0445\u0456\u0434\u043d\u043e\u0454\u0432\u0440\u043e\u043f\u0435\u0439\u0441\u044c\u043a\u0438\u0439 \u043d\u0430\u0446\u0456\u043e\u043d\u0430\u043b\u044c\u043d\u0438\u0439 \u0443\u043d\u0456\u0432\u0435\u0440\u0441\u0438\u0442\u0435\u0442 \u0456\u043c\u0435\u043d\u0456 \u041b\u0435\u0441\u0456 \u0423\u043a\u0440\u0430\u0457\u043d\u043a\u0438, Ukraina (od 2015)<\/li>\n<li id=\"h.p_3ZViH9CXvK5F\" class=\"zfr3Q\">Cz\u0142onek rady naukowej: <a class=\"dhtgD\" href=\"http:\/\/www.google.com\/url?q=http%3A%2F%2Fwww.ic.ac.kharkov.ua%2FRIO%2Findex_vh.htm&amp;sa=D&amp;sntz=1&amp;usg=AFQjCNGOm-kD4iKNKPDEfY_7cffsCaUYUQ\" target=\"_blank\" rel=\"noopener noreferrer\">\u0412\u0456\u0441\u043d\u0438\u043a \u0425\u0430\u0440\u043a\u0456\u0432\u0441\u044c\u043a\u043e\u0457 \u0434\u0435\u0440\u0436\u0430\u0432\u043d\u043e\u0457 \u0430\u043a\u0430\u0434\u0435\u043c\u0456\u0457 \u043a\u0443\u043b\u044c\u0442\u0443\u0440\u0438<\/a>\u00a0&#8211; \u0425\u0430\u0440\u043a\u0456\u0432\u0441\u044c\u043aa \u0434\u0435\u0440\u0436\u0430\u0432\u043da \u0430\u043a\u0430\u0434\u0435\u043c\u0456\u044f \u043a\u0443\u043b\u044c\u0442\u0443\u0440\u0438, Ukraina (od 2015)<\/li>\n<li id=\"h.p_irgYAz2qvSR4\" class=\"zfr3Q\">Cz\u0142onek rady naukowej: <a class=\"dhtgD\" href=\"http:\/\/www.google.com\/url?q=http%3A%2F%2Fjournal.kdpu.edu.ua%2Fpedag%2Fissue%2Fview%2F64&amp;sa=D&amp;sntz=1&amp;usg=AFQjCNEohQqF1cZosYnmaN_WQAiLiIJYww\" target=\"_blank\" rel=\"noopener noreferrer\">\u041f\u0435\u0434\u0430\u0433\u043e\u0433\u0456\u043a\u0430 \u0432\u0438\u0449\u043e\u0457 \u0442\u0430 \u0441\u0435\u0440\u0435\u0434\u043d\u044c\u043e\u0457 \u0448\u043a\u043e\u043b\u0438<\/a>\u00a0&#8211; \u041a\u0440\u0438\u0432\u043e\u0440\u0456\u0437\u044c\u043a\u0438\u0439 \u0434\u0435\u0440\u0436\u0430\u0432\u043d\u0438\u0439 \u043f\u0435\u0434\u0430\u0433\u043e\u0433\u0456\u0447\u043d\u0438\u0439 \u0443\u043d\u0456\u0432\u0435\u0440\u0441\u0438\u0442\u0435\u0442, Ukraina (od 2013)<\/li>\n<li id=\"h.p_0HjmDPqTvYgd\" class=\"zfr3Q\">Cz\u0142onek rady naukowej: <a class=\"dhtgD\" href=\"http:\/\/www.google.com\/url?q=http%3A%2F%2Feenu.edu.ua%2Fuk%2Fpublishing%2Fnaukoviy-visnik-shidnoievropeyskogo-nacionalnogo-universitetu-imeni-lesi-ukrayinki-0&amp;sa=D&amp;sntz=1&amp;usg=AFQjCNFsahSzS6ioiWiqjOgzEEMnCgmruw\" target=\"_blank\" rel=\"noopener noreferrer\">\u041d\u0430\u0443\u043a\u043e\u0432\u0438\u0439 \u0432\u0456\u0441\u043d\u0438\u043a \u0421\u0445\u0456\u0434\u043d\u043e\u0454\u0432\u0440\u043e\u043f\u0435\u0439\u0441\u044c\u043a\u043e\u0433\u043e \u043d\u0430\u0446\u0456\u043e\u043d\u0430\u043b\u044c\u043d\u043e\u0433\u043e \u0443\u043d\u0456\u0432\u0435\u0440\u0441\u0438\u0442\u0435\u0442\u0443 \u0456\u043c\u0435\u043d\u0456 \u041b\u0435\u0441\u0456 \u0423\u043a\u0440\u0430\u0457\u043d\u043a\u0438<\/a>\u0421\u0445\u0456\u0434\u043d\u043e\u0454\u0432\u0440\u043e\u043f\u0435\u0439\u0441\u044c\u043a\u0438\u0439 \u043d\u0430\u0446\u0456\u043e\u043d\u0430\u043b\u044c\u043d\u0438\u0439 \u0443\u043d\u0456\u0432\u0435\u0440\u0441\u0438\u0442\u0435\u0442 \u0456\u043c\u0435\u043d\u0456 \u041b\u0435\u0441\u0456 \u0423\u043a\u0440\u0430\u0457\u043d\u043a\u0438, Ukraina (od 2013)<\/li>\n<li id=\"h.p_x7nzJA0PvY-S\" class=\"zfr3Q\">Cz\u0142onek rady naukowej: <a class=\"dhtgD\" href=\"http:\/\/www.google.com\/url?q=http%3A%2F%2Fvestnik.kemguki.ru%2F&amp;sa=D&amp;sntz=1&amp;usg=AFQjCNHXYuesehouTsJr46pyH98YiH0oqg\" target=\"_blank\" rel=\"noopener noreferrer\">\u0412\u0435\u0441\u0442\u043d\u0438\u043a \u041a\u0435\u043c\u0435\u0440\u043e\u0432\u0441\u043a\u043e\u0433\u043e \u0433\u043e\u0441\u0443\u0434\u0430\u0440\u0441\u0442\u0432\u0435\u043d\u043d\u043e\u0433\u043e \u0443\u043d\u0438\u0432\u0435\u0440\u0441\u0438\u0442\u0435\u0442\u0430 \u043a\u0443\u043b\u044c\u0442\u0443\u0440\u044b \u0438 \u0438\u0441\u043a\u0443\u0441\u0441\u0442\u0432<\/a>\u00a0\u2013 \u041a\u0435\u043c\u0435\u0440\u043e\u0432\u0441\u043a\u0438\u0439 \u0433\u043e\u0441\u0443\u0434\u0430\u0440\u0441\u0442\u0432\u0435\u043d\u043d\u044b\u0439 \u0438\u043d\u0441\u0442\u0438\u0442\u0443\u0442 \u043a\u0443\u043b\u044c\u0442\u0443\u0440\u044b, Rosja (od 2012)<\/li>\n<li id=\"h.p_ZJIQJSyPvde6\" class=\"zfr3Q\">Cz\u0142onek rady redakcyjnej: <a class=\"dhtgD\" href=\"https:\/\/www.google.com\/url?q=https%3A%2F%2Fwww.sites.google.com%2Fsite%2Fnaukovizapiski%2Farhiv-nomeriv&amp;sa=D&amp;sntz=1&amp;usg=AFQjCNEmF0PlxyRitcGYkZqulE4G8UWJgw\" target=\"_blank\" rel=\"noopener noreferrer\">\u041d\u0430\u0443\u043a\u043e\u0432\u0456 \u0437\u0430\u043f\u0438\u0441\u043a\u0438<\/a>\u00a0&#8211; \u0412\u0456\u043d\u043d\u0438\u0446\u044c\u043a\u043e\u0433\u043e \u0434\u0435\u0440\u0436\u0430\u0432\u043d\u043e\u0433\u043e \u043f\u0435\u0434\u0430\u0433\u043e\u0433\u0456\u0447\u043d\u043e\u0433\u043e \u0443\u043d\u0456\u0432\u0435\u0440\u0441\u0438\u0442\u0435\u0442\u0443 \u0456\u043c\u0435\u043d\u0456 \u041c\u0438\u0445\u0430\u0439\u043b\u0430 \u041a\u043e\u0446\u044e\u0431\u0438\u043d\u0441\u044c\u043a\u043e\u0433\u043e, Ukraina (od 2012)<\/li>\n<li id=\"h.p_5u9xDkjrvd4G\" class=\"zfr3Q\">Cz\u0142onek rady redakcyjnej: <a class=\"dhtgD\" href=\"http:\/\/www.google.com\/url?q=http%3A%2F%2Fgj.nmu.org.ua%2Findex.php%2Fua%2F&amp;sa=D&amp;sntz=1&amp;usg=AFQjCNFqvgYvV9sRziVEcr53STPaZoarIA\" target=\"_blank\" rel=\"noopener noreferrer\">\u0413\u0443\u043c\u0430\u043d\u0456\u0442\u0430\u0440\u043d\u0438\u0439 \u0436\u0443\u0440\u043d\u0430\u043b <\/a>&#8211; \u041d\u0430\u0446\u0456\u043e\u043d\u0430\u043b\u044c\u043d\u0430 \u0433\u0456\u0440\u043d\u0438\u0447\u0430 \u0430\u043a\u0430\u0434\u0435\u043c\u0456\u044f \u0423\u043a\u0440\u0430\u0457\u043d\u0438, \u0414\u043d\u0456\u043f\u0440\u043e, Ukraina (od 2011)<\/li>\n<li id=\"h.p_s-l4Hjq8viem\" class=\"zfr3Q\">Cz\u0142onek rady naukowej: <a class=\"dhtgD\" href=\"http:\/\/www.google.com\/url?q=http%3A%2F%2Fmountainschool.pu.if.ua%2F&amp;sa=D&amp;sntz=1&amp;usg=AFQjCNEO6FTS9YktPhhGLBo7GBQU5LeKnw\" target=\"_blank\" rel=\"noopener noreferrer\">\u0413\u0456\u0440\u0441\u044c\u043a\u0430 \u0448\u043a\u043e\u043b\u0430 \u0423\u043a\u0440\u0430\u0457\u043d\u0441\u044c\u043a\u0438\u0445 \u041a\u0430\u0440\u043f\u0430\u0442<\/a>\u00a0&#8211; \u041f\u0440\u0438\u043a\u0430\u0440\u043f\u0430\u0442\u0441\u044c\u043a\u0438\u0439 \u043d\u0430\u0446\u0456\u043e\u043d\u0430\u043b\u044c\u043d\u0438\u0439 \u0443\u043d\u0456\u0432\u0435\u0440\u0441\u0438\u0442\u0435\u0442 \u0456\u043c\u0435\u043d\u0456 \u0412\u0430\u0441\u0438\u043b\u044f \u0421\u0442\u0435\u0444\u0430\u043d\u0438\u043a\u0430, \u0406\u0432\u0430\u043d\u043e-\u0424\u0440\u0430\u043d\u043a\u0456\u0432\u0441\u044c\u043a, Ukraina (od 2011)<\/li>\n<li id=\"h.p_SzJnal2Fviep\" class=\"zfr3Q\">Cz\u0142onek rady naukowej: <a class=\"dhtgD\" href=\"http:\/\/www.google.com\/url?q=http%3A%2F%2Fwww.ippo.if.ua%2Findex.php%2F2010-07-01-13-37-35%2F2010-07-01-13-38-38&amp;sa=D&amp;sntz=1&amp;usg=AFQjCNFrZWxJVh7-_r4-RYRfqprdPMrl7w\" target=\"_blank\" rel=\"noopener noreferrer\">\u041e\u0431\u0440\u0456\u0457<\/a>\u00a0&#8211; \u0406\u0432\u0430\u043d\u043e-\u0424\u0440\u0430\u043d\u043a\u0456\u0432\u0441\u044c\u043a\u0438\u0439 \u043e\u0431\u043b\u0430\u0441\u043d\u0438\u0439 \u0456\u043d\u0441\u0442\u0438\u0442\u0443\u0442 \u043f\u0456\u0441\u043b\u044f\u0434\u0438\u043f\u043b\u043e\u043c\u043d\u043e\u0457 \u043f\u0435\u0434\u0430\u0433\u043e\u0433\u0456\u0447\u043d\u043e\u0457 \u043e\u0441\u0432\u0456\u0442\u0438, Ukraina (od 2011)<\/li>\n<li id=\"h.p_Q3wSMNG3veEt\" class=\"zfr3Q\">Cz\u0142onek komitetu redakcyjnego: <a class=\"dhtgD\" href=\"http:\/\/www.google.com\/url?q=http%3A%2F%2Fpwsz.chelm.pl%2Fchtn%2Findex.php%2FEncyklopedia_Che%25C5%2582ma&amp;sa=D&amp;sntz=1&amp;usg=AFQjCNGYta9p0oN1XaJCuQO5oX7vZcU5mw\" target=\"_blank\" rel=\"noopener noreferrer\">Encyklopedia Che\u0142ma<\/a><\/li>\n<li id=\"h.p_S2cF3K5qvmIy\" class=\"zfr3Q\">Cz\u0142onek rady naukowej: <a class=\"dhtgD\" href=\"http:\/\/www.google.com\/url?q=http%3A%2F%2Fwww.ignatianum.edu.pl%2Fwped%2Fczasopisma-naukowe%2Frocznik-wydzialu-pedagogicznego&amp;sa=D&amp;sntz=1&amp;usg=AFQjCNFTG6P6BI3G8jzkSWnBK3vPThpSKA\" target=\"_blank\" rel=\"noopener noreferrer\">Rocznik Wydzia\u0142u Pedagogicznego Wy\u017cszej Szko\u0142y Filozoficzno-Pedagogicznej IGNATIANUM w Krakowie<\/a>\u00a0(2010)<\/li>\n<li id=\"h.p_XdBzTJ8Mvoha\" class=\"zfr3Q\">Cz\u0142onek rady naukowej: <a class=\"dhtgD\" href=\"http:\/\/www.google.com\/url?q=http%3A%2F%2Fdisputationes.ku.sk%2F&amp;sa=D&amp;sntz=1&amp;usg=AFQjCNGXGoGNUPJrCreqSyp-AL7fOZEn_g\" target=\"_blank\" rel=\"noopener noreferrer\">Disputationes Scientificae Universitatis Catholicae in Ru\u017eomberok<\/a> &#8211; Katol\u00edcka univerzita v Ru\u017eomberku, S\u0142owacja (2010)<\/li>\n<li id=\"h.p_NEbWnk1DvK9P\" class=\"zfr3Q\">Cz\u0142onek rady programowej: <a class=\"dhtgD\" href=\"http:\/\/www.google.com\/url?q=http%3A%2F%2Fczasopisma.ignatianum.edu.pl%2Findex.php%2Feetp&amp;sa=D&amp;sntz=1&amp;usg=AFQjCNF5MeY15imWSASGDeeW4bC4jDZMDA\" target=\"_blank\" rel=\"noopener noreferrer\">Edukacja Elementarna w Teorii i Praktyce<\/a>\u00a0(2009-2011)<\/li>\n<li id=\"h.p_bnotLpLBBPAf\" class=\"zfr3Q\">Cz\u0142onek rady programowej: <a class=\"dhtgD\" href=\"http:\/\/www.google.com\/url?q=http%3A%2F%2Fcbo.womczest.edu.pl%2F&amp;sa=D&amp;sntz=1&amp;usg=AFQjCNE_BBPTtNXSijMkMFs2GAQhrRLv8Q\" target=\"_blank\" rel=\"noopener noreferrer\">Cz\u0119stochowski Biuletyn O\u015bwiatowy<\/a>\u00a0(2009-2011)<\/li>\n<\/ul>\n            <\/div>        <\/div>    <\/div><\/section>\n<section class=\"av_toggle_section\"  itemscope=\"itemscope\" itemtype=\"https:\/\/schema.org\/CreativeWork\" >    <div class=\"single_toggle\" data-tags=\"{All} \" >        <p data-fake-id=\"#toggle-id-8\" class=\"toggler \"  itemprop=\"headline\" >Zainteresowania naukowe<span class=\"toggle_icon\">        <span class=\"vert_icon\"><\/span><span class=\"hor_icon\"><\/span><\/span><\/p>        <div id=\"toggle-id-8-container\" class=\"toggle_wrap \" >            <div class=\"toggle_content invers-color\"  itemprop=\"text\" ><ul class=\"n8H08c UVNKR\">\n<li id=\"h.p_jQx9w3QiB0vI\" class=\"zfr3Q TYR86d\">historia wychowania<\/li>\n<li id=\"h.p_Le_lt0RDB0vI\" class=\"zfr3Q TYR86d\">pedagogika szkolna<\/li>\n<li id=\"h.p_tRw3CXCKB0vI\" class=\"zfr3Q TYR86d\">aksjologia edukacji<\/li>\n<li id=\"h.p_ARDHUumzB0vI\" class=\"zfr3Q TYR86d\">edukacja zawodowa<\/li>\n<\/ul>\n            <\/div>        <\/div>    <\/div><\/section>\n<section class=\"av_toggle_section\"  itemscope=\"itemscope\" itemtype=\"https:\/\/schema.org\/CreativeWork\" >    <div class=\"single_toggle\" data-tags=\"{All} \" >        <p data-fake-id=\"#toggle-id-9\" class=\"toggler \"  itemprop=\"headline\" >Zainteresowania pozanaukowe<span class=\"toggle_icon\">        <span class=\"vert_icon\"><\/span><span class=\"hor_icon\"><\/span><\/span><\/p>        <div id=\"toggle-id-9-container\" class=\"toggle_wrap \" >            <div class=\"toggle_content invers-color\"  itemprop=\"text\" ><ul class=\"n8H08c UVNKR\">\n<li id=\"h.p_F3p-ntVsB8Bo\" class=\"zfr3Q TYR86d\"><a class=\"dhtgD\" href=\"http:\/\/www.google.com\/url?q=http%3A%2F%2Fpsmazur.blogspot.com%2F&amp;sa=D&amp;sntz=1&amp;usg=AFQjCNFrMEN5VaGfDbAxBQ1xfK5Ps25hqg\" target=\"_blank\" rel=\"noopener noreferrer\">literatura pi\u0119kna<\/a><\/li>\n<li id=\"h.p_U7oLZKn4CB4Z\" class=\"zfr3Q TYR86d\">turystyka g\u00f3rska<\/li>\n<li>mindfulness<\/li>\n<\/ul>\n            <\/div>        <\/div>    <\/div><\/section>\n<\/div><\/div><div  class='hr hr-big '><span class='hr-inner ' ><span class='hr-inner-style'><\/span><\/span><\/div>\n<div class=\"flex_column av_one_third  flex_column_div av-zero-column-padding first  \" style='border-radius:0px; '><p><div style='height:1px; margin-top:-38px'  class='hr hr-invisible '><span class='hr-inner ' ><span class='hr-inner-style'><\/span><\/span><\/div><br \/>\n<div style='padding-bottom:0px;' class='av-special-heading av-special-heading-h1  blockquote modern-quote  '><h1 class='av-special-heading-tag'  itemprop=\"headline\"  >Dorobek naukowy<\/h1><div class='special-heading-border'><div class='special-heading-inner-border' ><\/div><\/div><\/div><\/p><\/div><div class=\"flex_column av_two_third  av-animated-generic fade-in  flex_column_div av-zero-column-padding   \" style='border-radius:0px; '><p><section class=\"av_textblock_section\"  itemscope=\"itemscope\" itemtype=\"https:\/\/schema.org\/CreativeWork\" ><div class='avia_textblock '   itemprop=\"text\" ><p>Dorobek naukowy obejmuje publikacje z zakresu pedagogiki pastoralnej, edukacji szkolnej i historii wychowania. Jestem organizatorem konferencji naukowych i szkoleniowych dla kadry o\u015bwiatowej. Anga\u017cuj\u0119 si\u0119 w realizacj\u0119 projekt\u00f3w zwi\u0105zanych z rozwojem nowych technologii w edukacji oraz doskonaleniem zawodowym nauczycieli.<\/p>\n<\/div><\/section><br \/>\n<div class=\"togglecontainer toggle_close_all \">\n<section class=\"av_toggle_section\"  itemscope=\"itemscope\" itemtype=\"https:\/\/schema.org\/CreativeWork\" >    <div class=\"single_toggle\" data-tags=\"{All} \" >        <p data-fake-id=\"#toggle-id-10\" class=\"toggler \"  itemprop=\"headline\" >Szkolenia<span class=\"toggle_icon\">        <span class=\"vert_icon\"><\/span><span class=\"hor_icon\"><\/span><\/span><\/p>        <div id=\"toggle-id-10-container\" class=\"toggle_wrap \" >            <div class=\"toggle_content invers-color\"  itemprop=\"text\" ><ul>\n<li>Institute of Biofeedback and Noo-Psychosomatic \u2013 Studium Logoterapii (2023)<\/li>\n<li>FOTC Academy \u2013 kurs Certified Educator Level 2 (2022)<\/li>\n<li>FOTC Academy \u2013 kurs Certified Educator Level 1 (2021)<\/li>\n<li>Centrum Nowoczesnej Edukacji SCHOLAR \u2013 1 stopie\u0144 Akademii Trener\u00f3w Edukacji opartej na empatii i dialogu (2021)<\/li>\n<li>Centralne Biuro Antykorupcyjne \u2013 szkolenie e-learningowe \u201ePrzeciwdzia\u0142anie korupcji\u201d (2021)<\/li>\n<li>Instytut Edukacji Pozytywnej \u2013 certyfikat \u201eKomunikacja bez przemocy \u2013 kurs podstawowy\u201d (2021)<\/li>\n<li>FRIS Style My\u015blenia \u2013 certyfikat trenera FRIS (2021)<\/li>\n<li>Microsoft \u2013 Certyfikat Microsoft Innovative Educator Expert (2021)<\/li>\n<li>Microsoft \u2013 Certyfikat Microsoft Innovative Educator Trainer Academy (2021)<\/li>\n<li>Microsoft \u2013 Certyfikat Microsoft Innovative Educator (2020)<\/li>\n<li>4 people Ewa Tomczak \u2013 kurs online \u201eDesing Thinking w edukacji\u201d (2020)<\/li>\n<li>Inspiracja Edukacji \u2013 kurs online \u201eMALI RELEBELIANCI z zakresu nauczania filozofii, etyki i kreatywno\u015bci metod\u0105 \u039b\u0395\u0393\u03a9 \u039b\u039f\u0393\u039f\u03a3\u201d (2020)<\/li>\n<li>Clarivate Analytics \u2013 szkolenie e-learningowe \u201eTworzenie profile Publons i integracja z Web of Science\u201d (2020)<\/li>\n<li>Instytut Bada\u0144 Edukacyjnych \u2013 szkolenie e-learningowe \u201eOpisywanie kwalifikacji \u2013 przejrzysto\u015b\u0107 dla jako\u015bci\u201d (2020)<\/li>\n<li>TOC dla Edukacji Polska \u2013 certyfikat \u201eTrener my\u015blenia krytycznego\u201d (2020)<\/li>\n<li>Collegium Wratislaviense \u2013 Program Rozwoju Przyw\u00f3dztwa (2019)<\/li>\n<li>Fundacja M\u0142odej Nauki\u00a0\u2013 Techniczne tworzenie kurs\u00f3w MOOC (2019)<\/li>\n<li>Centrum Nauki Kopernik \u2013 Desing Thinking dla nauczycieli edukacji wczesnoszkolnej (2019)<\/li>\n<li>ELSEVIER \u2013 Forum SciVal Polska (2018)<\/li>\n<li>UK SPOT LTD \u2013 kurs kwalifikacyjny \u201eTrener kompetencji spo\u0142ecznych\u201d (2017)<\/li>\n<li>Instytut Bada\u0144 Edukacyjnych\u00a0\u2013\u00a0Walidacja i zapewnianie jako\u015bci w ZSK dla kwalifikacji rynkowych\u00a0(2017)<\/li>\n<li>Krajowa Izba Mediator\u00f3w i Arbitr\u00f3w\u00a0\u2013\u00a0szkolenie kwalifikacyjne z mediacji\u00a0(2017)<\/li>\n<li>Instytut Bada\u0144 Edukacyjnych \u2013 szkolenie e-learningowe \u201ePotwierdzanie efekt\u00f3w uczenia si\u0119 w szkolnictwie wy\u017cszym\u201d(2017)<\/li>\n<li>Instytut Bada\u0144 Edukacyjnych \u2013 szkolenie e-learningowe \u201ePotwierdzanie efekt\u00f3w uczenia si\u0119 w szkolnictwie wy\u017cszym\u201d (2017)<\/li>\n<li>Clarivate Analytics \u2013 szkolenie e-learningowe \u201eRozszerzona selekcja czasopism do Web of Science Core Collection\u201d (2017)<\/li>\n<li>Clarivate Analytics \u2013 szkolenie e-learningowe \u201eSelekcja materia\u0142\u00f3w konferencyjnych do Web of Science Core Collection\u201d (2017)<\/li>\n<li>Centralne Biuro Antykorupcyjne \u2013 szkolenie e-learningowe \u201eKorupcja w biznesie\u201d (2017)<\/li>\n<li>Centralne Biuro Antykorupcyjne \u2013 szkolenie e-learningowe \u201eSpo\u0142eczne skutki korupcji\u201d (2017)<\/li>\n<li>Centralne Biuro Antykorupcyjne \u2013 szkolenie e-learningowe \u201eKorupcja w administracji publicznej\u201d (2016)<\/li>\n<li>Polskie Centrum Bada\u0144 i Certyfikacji S.A. \u2013 certyfikat asystenta zarz\u0105dzania jako\u015bci\u0105 (2013)<\/li>\n<li>Jednostka Certyfikuj\u0105ca Personel PersCert T\u00dcV \u2013 Pe\u0142nomocnik jako\u015bci T\u00dcV (2013)<\/li>\n<li>Plac\u00f3wka Doskonalenia Nauczycieli \u201ePRO FORMATIONE\u201d \u2013 kurs kwalifikacyjny z zakresu organizacji i zarz\u0105dzania o\u015bwiat\u0105 (2005)<\/li>\n<\/ul>\n            <\/div>        <\/div>    <\/div><\/section>\n<section class=\"av_toggle_section\"  itemscope=\"itemscope\" itemtype=\"https:\/\/schema.org\/CreativeWork\" >    <div class=\"single_toggle\" data-tags=\"{All} \" >        <p data-fake-id=\"#toggle-id-11\" class=\"toggler \"  itemprop=\"headline\" >Projekty<span class=\"toggle_icon\">        <span class=\"vert_icon\"><\/span><span class=\"hor_icon\"><\/span><\/span><\/p>        <div id=\"toggle-id-11-container\" class=\"toggle_wrap \" >            <div class=\"toggle_content invers-color\"  itemprop=\"text\" ><ul class=\"n8H08c UVNKR\">\n<li><a href=\"https:\/\/www.portalvs.sk\/en\/prehlad-projektov\/kega\/14969\">Vyu\u010dovanie finan\u010dnej gramotnosti pomocou informa\u010dn\u00fdch technol\u00f3gi\u00ed ako prostriedok na zvy\u0161ovanie kvality \u017eivota a na elimin\u00e1ciu dopadov ekonomickej kr\u00edzy<\/a> (2023)<\/li>\n<li><a href=\"https:\/\/www.stuba.sk\/ineduin4v4\">Innovative education according to the needs of Industry 4.0 principles in V4 countries<\/a> (2023)<\/li>\n<li><a href=\"https:\/\/www.ore.edu.pl\/2019\/07\/tworzenie-e-zasobow-do-ksztalcenia-zawodowego-informacje-o-projekcie\/\">Tworzenie e-zasob\u00f3w do kszta\u0142cenia zawodowego<\/a> (2023)<\/li>\n<li><a href=\"https:\/\/www.ore.edu.pl\/category\/projekty-po-wer\/weryfikacja-i-odbior-produktow-2-14\/\">Weryfikacja i odbi\u00f3r produkt\u00f3w projekt\u00f3w konkursowych z Dzia\u0142ania 2.14<\/a> (2023)<\/li>\n<li><a href=\"https:\/\/www.ore.edu.pl\/2020\/09\/wsparcie-nauczycieli-w-prowadzeniu-ksztalcenia-na-odleglosc-informacje-o-projekcie-2\/\">Wsparcie plac\u00f3wek doskonalenia nauczycieli i bibliotek pedagogicznych w realizacji zada\u0144 zwi\u0105zanych z przygotowaniem i wsparciem nauczycieli w prowadzeniu kszta\u0142cenia na odleg\u0142o\u015b\u0107<\/a> (2023)<\/li>\n<li><a href=\"https:\/\/www.portalvs.sk\/en\/prehlad-projektov\/kega\/14147\">Vytvorenie modelu vzdel\u00e1vania podporuj\u00faceho zvy\u0161ovanie kompetenci\u00ed \u0161tudentov neekonomicky zameranej univerzity v oblasti inovat\u00edvneho, podnikate\u013esk\u00e9ho myslenia a podpory podnikania<\/a> (2022)<\/li>\n<li><a href=\"https:\/\/www.facebook.com\/akademiakrytycznegomyslenia\">Akademia Krytycznego My\u015blenia<\/a> (2022)<\/li>\n<li><a href=\"https:\/\/www.ore.edu.pl\/2018\/06\/szkolenia-i-doradztwo-dla-poradni-o-projekcie\/\">Ucze\u0144 ze specjalnymi potrzebami edukacyjnymi \u2013 opracowanie modelu szkolenia i doradztwa<\/a> (2022)<\/li>\n<li><a href=\"https:\/\/www.eduexpert.eu\/pl\/projekt-tworzenie-zestawow-narzedzi-edukacyjnych-scenariuszy-lekcji-i-zajec-dla-obszaru-ii-przedmioty-humanistyczne-i-artystyczne\/\">Tworzenie zestaw\u00f3w narz\u0119dzi edukacyjnych, scenariuszy lekcji i zaj\u0119\u0107 dla obszaru II: Przedmioty humanistyczne i artystyczne<\/a> (2021-2022)<\/li>\n<li><a href=\"https:\/\/www.eduexpert.eu\/pl\/projekt-tworzenie-zestawow-narzedzi-edukacyjnych-scenariuszy-lekcji-i-zajec-dla-obszaru-i-wychowanie-przedszkolne-i-edukacja-wczesnoszkolna-wraz-z-jezykami-obcymi\/\">Tworzenie zestaw\u00f3w narz\u0119dzi edukacyjnych, scenariuszy lekcji i zaj\u0119\u0107 dla obszaru I: Wychowanie przedszkolne i edukacja wczesnoszkolna wraz z j\u0119zykami obcymi<\/a> (2021-2022)<\/li>\n<li><a href=\"https:\/\/kwalifikacje.edu.pl\/o-projekcie-2\/\">Wsparcie rozwoju ZSK w szczeg\u00f3lno\u015bci na poziomie regionalnym poprzez wdra\u017canie rozwi\u0105za\u0144 i inicjatyw skierowanych do u\u017cytkownik\u00f3w ko\u0144cowych systemu &#8211; ZSK4<\/a> (2021-2022)<\/li>\n<li><a href=\"https:\/\/www.towarzystwoamicus.pl\/lowe-opis.html\">Lokalne O\u015brodki Wiedzy i Edukacji oraz nowe oblicze edukacji dla doros\u0142ych<\/a> (2020)<\/li>\n<li><a href=\"https:\/\/procesywspomagania.pl\/\">Szko\u0142a Trener\u00f3w Wspomagania II<\/a> (2020-2021)<\/li>\n<li><span style=\"font-size: medium;\"><a href=\"http:\/\/www.mir-consulting.pl\/forum-kadry-wspomagania-oswiaty\/\">Forum Kadry Wspomagania O\u015bwiaty<\/a> (2019-2020)<\/span><\/li>\n<li><a href=\"http:\/\/www.eduexpert.eu\/pl\/e-materialy-dydaktyczne-do-przedmiotu-filozofia\/\">Stworzenie wysokiej jako\u015bci e-materia\u0142\u00f3w dydaktycznych do przedmiotu Filozofia dla czteroletniego liceum og\u00f3lnokszta\u0142c\u0105cego i pi\u0119cioletniego technikum<\/a> (2019-2020)<\/li>\n<li>Individu\u00e1lne vzdel\u00e1vanie v krajin\u00e1ch V4 \u2013 komparat\u00edvna \u0161t\u00fadia (S\u0142owacja, 2019)<\/li>\n<li>Umelci v materskej \u0161kole \u2013 interpret\u00e1cia umeleck\u00e9ho diela v predprim\u00e1rnom vzdel\u00e1van\u00ed (S\u0142owacja, 2019)<\/li>\n<li><a href=\"http:\/\/www.blekitnypromyknadziei.pl\/asp\/pl_start.asp?typ=14&amp;menu=214&amp;strona=1\">Podnoszenie kompetencji przedstawicieli JST w zakresie zarz\u0105dzania o\u015bwiat\u0105 w wojew\u00f3dztwie \u015bwi\u0119tokrzyskim <\/a>(2019)<\/li>\n<li><a href=\"http:\/\/akademiawspomagania2.pl\/\">Szko\u0142a Trener\u00f3w Procesu Wspomagania<\/a> (2018-2020)<\/li>\n<li><a href=\"https:\/\/pwszchelm.edu.pl\/index.php\/pl\/uczelnia\/projekty-unijne\/w-trakcie-realizacji\/596-studia-dualne-w-pwsz-w-chelmie\">Studia dualne w PWSZ w Che\u0142mie<\/a> (2018)<\/li>\n<li><a href=\"https:\/\/akademiawspomagania.pl\/\">Akademia wspomagania<\/a> (2018-2019)<\/li>\n<li><a href=\"https:\/\/www.ore.edu.pl\/category\/projekty-po-wer\/szkola-cwiczen\/\">Wspieranie tworzenia szk\u00f3\u0142 \u0107wicze\u0144<\/a> (2018)<\/li>\n<li><a href=\"http:\/\/www.infodoradca.edu.pl\/\">Rozwijanie, uzupe\u0142nianie i aktualizacja informacji o zawodach oraz jej upowszechnianie za pomoc\u0105 nowoczesnych narz\u0119dzi komunikacji INFODORADCA+<\/a> (2018)<\/li>\n<li><a href=\"https:\/\/www.ore.edu.pl\/category\/projekty-po-wer\/tworzenie-programow-nauczania\/nowoczesne-programy-nauczania-i-scenariusze-zajec-aktualnosci\/\">Tworzenie program\u00f3w nauczania oraz scenariuszy lekcji i zaj\u0119\u0107 wchodz\u0105cych w sk\u0142ad zestaw\u00f3w narz\u0119dzi edukacyjnych wspieraj\u0105cych proces kszta\u0142cenia og\u00f3lnego w zakresie kompetencji kluczowych uczni\u00f3w niezb\u0119dnych do poruszania si\u0119 na rynku pracy<\/a> (2018)<\/li>\n<li><a href=\"http:\/\/tereszpol.pl\/projekty\/537,bezpieczna-gmina-tereszpol\">\u201eBezpieczna Gmina Tereszpol\u201d<\/a> (2017)<\/li>\n<li>Implementing the CLIL-VET model in vocational schools (2017 &#8211; 2018)<\/li>\n<li class=\"zfr3Q\"><a class=\"dhtgD\" href=\"http:\/\/www.google.com\/url?q=http%3A%2F%2Fkonstruktywnerelacje.pl%2F2017%2F03%2F01%2Ffalochron-program-profilaktyki-wczesnej-wobec-zachowan-ryzykownych-dzieci-i-mlodziezy%2F&amp;sa=D&amp;sntz=1&amp;usg=AFQjCNFYTkYpnXBtj04FYbelMHruGINFXg\" target=\"_blank\" rel=\"noopener noreferrer\">Falochron program profilaktyki wczesnej wobec zachowa\u0144 ryzykownych dzieci i m\u0142odzie\u017cy<\/a> (2017-2018)<\/li>\n<li id=\"h.p_hIgN_5a3wb_l\" class=\"zfr3Q TYR86d\"><a class=\"dhtgD\" href=\"https:\/\/www.google.com\/url?q=https%3A%2F%2Fwww.ore.edu.pl%2Fwspomaganie-szkol-w-rozwoju-o-projekcie&amp;sa=D&amp;sntz=1&amp;usg=AFQjCNH8CxVcvcUo6BL3Ru2oVwl1mFvLYQ\" target=\"_blank\" rel=\"noopener noreferrer\">Zwi\u0119kszenie skuteczno\u015bci dzia\u0142a\u0144 pracownik\u00f3w systemu wspomagania i trener\u00f3w w zakresie kszta\u0142cenia u uczni\u00f3w kompetencji kluczowych<\/a>\u00a0 (2017 &#8211; 2018)<\/li>\n<li id=\"h.p_V7invEWhwevt\" class=\"zfr3Q TYR86d\"><a class=\"dhtgD\" href=\"https:\/\/www.google.com\/url?q=https%3A%2F%2Fpwsz.chelm.pl%2Findex.php%2Fpl%2Fuczelnia%2Fprojekty-unijne%2Fw-trakcie-realizacji%2F333-program-praktyk-zawodowych-w-panstwowych-wyzszych-szkolach-zawodowych-jest-projektem-pozakonkursowym-o-charakterze-koncepcyjnym-realizowanym-z-po-wer-os-iii-szkolnictwo-wyzsze-dla-gospodarki-i-rozwoju&amp;sa=D&amp;sntz=1&amp;usg=AFQjCNG1MEl9JzHtO9wAsSmdjD6bIt96OA\" target=\"_blank\" rel=\"noopener noreferrer\">Program praktyk zawodowych w Pa\u0144stwowych Wy\u017cszych Szko\u0142ach Zawodowych<\/a> (2016-2018)<\/li>\n<li id=\"h.p_kANbiHBuxAvo\" class=\"zfr3Q TYR86d\"><a class=\"dhtgD\" href=\"http:\/\/www.google.com\/url?q=http%3A%2F%2Fwww.eduexpert.eu%2Fpl%2Fwielokulturowosc-w-obliczu-zachowania-tozsamosci-projekty-edukacyjne-mlodziezy%2F&amp;sa=D&amp;sntz=1&amp;usg=AFQjCNEU28Lic7ZbMreei4kmEkIr4B2-Qw\" target=\"_blank\" rel=\"noopener noreferrer\">Wielokulturowo\u015b\u0107 w obliczu zachowania to\u017csamo\u015bci<\/a> (projekt edukacyjny dla m\u0142odzie\u017cy Erasmus+, 2016-2017)<\/li>\n<li id=\"h.p_28g2Pwc0xknV\" class=\"zfr3Q TYR86d\">Nauczyciel kreatorem zmiany w edukacji (Ukraina, 2016 &#8211; 2018)<\/li>\n<li id=\"h.p_uhaloR8gw818\" class=\"zfr3Q TYR86d\"><a class=\"dhtgD\" href=\"http:\/\/www.google.com\/url?q=http%3A%2F%2Fwww.eduexpert.eu%2Fpl%2Fkultura-historia-tradycja-w-poszukiwaniu-wspolnych-wartosci%2F&amp;sa=D&amp;sntz=1&amp;usg=AFQjCNECzmG8Vxig1WP7LojpLFlVrmyi5w\" target=\"_blank\" rel=\"noopener noreferrer\">Kultura, historia, tradycja: w poszukiwaniu wsp\u00f3lnych warto\u015bci<\/a> (Polsko-Ukrai\u0144ska Rada Wymiany M\u0142odzie\u017cy, 2016)<\/li>\n<li id=\"h.p_tcXQEaslwZZ_\" class=\"zfr3Q TYR86d\">Specifics of forming the model of healthy life in the primary school children in Belarus (Erasmus Mundus Action 2, Bia\u0142oru\u015b 2015-2016)<\/li>\n<li id=\"h.p_Sz4h4oGhxPpb\" class=\"zfr3Q TYR86d\">\u041e\u0431\u0440\u0430\u0437\u043e\u0432\u0430\u043d\u0438\u0435 \u043d\u0430 \u043f\u0440\u043e\u0442\u044f\u0436\u0435\u043d\u0438\u0438 \u0432\u0441\u0435\u0439 \u0436\u0438\u0437\u043d\u0438 \u0434\u043b\u044f \u043f\u043e\u0436\u0438\u043b\u044b\u0445 \u043b\u044e\u0434\u0435\u0439: \u0443\u043b\u0443\u0447\u0448\u0435\u043d\u0438\u0435 \u0438\u0445 \u044d\u043a\u043e\u043d\u043e\u043c\u0438\u0447\u0435\u0441\u043a\u0438\u0445 \u0432\u043e\u0437\u043c\u043e\u0436\u043d\u043e\u0441\u0442\u0435\u0439 \u043f\u043e\u0441\u0440\u0435\u0434\u0441\u0442\u0432\u043e\u043c \u0443\u043d\u0438\u0432\u0435\u0440\u0441\u0438\u0442\u0435\u0442\u043e\u0432 \u0442\u0440\u0435\u0442\u044c\u0435\u0433\u043e \u0432\u043e\u0437\u0440\u0430\u0441\u0442\u0430 \u0432 \u0441\u0442\u0440\u0430\u043d\u0430\u0445 \u0426\u0415\u0418 (Bia\u0142oru\u015b, 2014)<\/li>\n<li id=\"h.p_SENd7Or0wZde\" class=\"zfr3Q TYR86d\">Bezpiecze\u0144stwo dzieci i m\u0142odzie\u017cy w zmieniaj\u0105cej si\u0119 rzeczywisto\u015bci (2013-2014)<\/li>\n<li id=\"h.p_lubU63ivxMvV\" class=\"zfr3Q TYR86d\">Podpora medzin\u00e1rodnej vedecko-v\u00fdskumnej spolupr\u00e1ce v pedagogike a vychov\u00e1vate\u013estve (S\u0142owacja, 2013-2014)<\/li>\n<li id=\"h.p_CdU5GUPJxMvV\" class=\"zfr3Q TYR86d\">Podpora medzin\u00e1rodnej vedecko-v\u00fdskumnej spolupr\u00e1ce v \u0161peci\u00e1lnej pedagogike (S\u0142owacja, 2013-2014)<\/li>\n<li id=\"h.p_J1-YDj2SxMvV\" class=\"zfr3Q TYR86d\">Podpora medzin\u00e1rodnej vedecko-v\u00fdskumnej spolupr\u00e1ce v pred\u0161kolskej a element\u00e1rnej pedagogike (S\u0142owacja, 2013-2014)<\/li>\n<li><a href=\"http:\/\/etins.edu.pl\/2012doc\/efektywne.pdf\">\u201eEfektywne zarz\u0105dzanie uczelni\u0105. Program rozwojowy Wy\u017cszej Szko\u0142y Ekonomii, Turystyki i Nauk Spo\u0142ecznych w Kielcach\u201d<\/a> (2012-2013)<\/li>\n<li id=\"h.p_rpUv9dZ4xMvV\" class=\"zfr3Q TYR86d\">Edukacja europejska wobec wsp\u00f3\u0142czesnych wyzwa\u0144 (2012-2013)<\/li>\n<li id=\"h.p_7D0MBpR2wZgE\" class=\"zfr3Q TYR86d\">Nauczyciel kreatorem zmiany w edukacji (2011-2012)<\/li>\n<li id=\"h.p_JajMMZLvwZjY\" class=\"zfr3Q TYR86d\">G\u00f3rska szko\u0142a. Stan, problemy, perspektywy rozwoju (Ukraina, 2010-2019)<\/li>\n<li id=\"h.p_JfALpT6BxXC4\" class=\"zfr3Q TYR86d\"><a class=\"dhtgD\" href=\"http:\/\/www.google.com\/url?q=http%3A%2F%2Fpwsz.chelm.pl%2F%2Ffundusze_ue%2Findex.php%3Fid%3D016&amp;sa=D&amp;sntz=1&amp;usg=AFQjCNEi6s1vqg398u9FRGgeNXpcREPBFw\" target=\"_blank\" rel=\"noopener noreferrer\">Praktyka i wiedza drog\u0105 do sukcesu<\/a> (2010-2013)<\/li>\n<li><a href=\"http:\/\/pwsz.chelm.pl\/\/fundusze_ue\/index.php?id=010\">\u201eZaw\u00f3d z przysz\u0142o\u015bci\u0105 \u2013 nauczycielskie studia podyplomowe\u201d<\/a> (2009-2011)<\/li>\n<li id=\"h.p_Ts0Fpe2WxalR\" class=\"zfr3Q TYR86d\">Mi\u0119dzynarodowe Laboratorium Bada\u0144 Spo\u0142eczno-Pedagogicznych (Ukraina, 2009-2019)<\/li>\n<li id=\"h.p_ItHPvkto_lNq\" class=\"zfr3Q TYR86d\"><a class=\"dhtgD\" href=\"http:\/\/www.google.com\/url?q=http%3A%2F%2Fwww.nauka.gov.pl%2Fg2%2Foryginal%2F2013_05%2F5e11aad980d8d6b41aa854c8a3072ff9.pdf&amp;sa=D&amp;sntz=1&amp;usg=AFQjCNG_1dXK6_3LjlMrFJIsj3DGe9ozaw\" target=\"_blank\" rel=\"noopener noreferrer\">W\u0142asna lecz w\u0142a\u015bciwa hierarchia warto\u015bci \u2013 animacja m\u0142odzie\u017cy do jej urzeczywistniania<\/a> (2006-2008)<\/li>\n<li>\u201eSchool life in different European countries\u201d (2005-2006 w ramach programu Erasmus Comenius)<\/li>\n<\/ul>\n            <\/div>        <\/div>    <\/div><\/section>\n<section class=\"av_toggle_section\"  itemscope=\"itemscope\" itemtype=\"https:\/\/schema.org\/CreativeWork\" >    <div class=\"single_toggle\" data-tags=\"{All} \" >        <p data-fake-id=\"#toggle-id-12\" class=\"toggler \"  itemprop=\"headline\" >Najwa\u017cniejsze publikacje<span class=\"toggle_icon\">        <span class=\"vert_icon\"><\/span><span class=\"hor_icon\"><\/span><\/span><\/p>        <div id=\"toggle-id-12-container\" class=\"toggle_wrap \" >            <div class=\"toggle_content invers-color\"  itemprop=\"text\" ><h2 id=\"h.p_tBuOOdTdDFwR\" class=\"zfr3Q\">Ksi\u0105\u017cki autorskie:<\/h2>\n<ul class=\"n8H08c UVNKR\">\n<li id=\"h.p_fR6OfiRMGaAl\" class=\"zfr3Q TYR86d\"><a href=\"http:\/\/pwsz.chelm.pl\/uczelnia\/wydawnictwa\/jak_pisac_monografie_szkoly.pdf\" target=\"_blank\" rel=\"noopener\"><em>Jak pisa\u0107 monografi\u0119 szko\u0142y<\/em>?, Che\u0142m 2017.<\/a><\/li>\n<li id=\"h.p_69jTNGZFkMVv\" class=\"zfr3Q TYR86d\"><a class=\"dhtgD\" href=\"http:\/\/www.google.com\/url?q=http%3A%2F%2Fpwsz.chelm.pl%2Fuczelnia%2Fwydawnictwa%2Fzdrowy-stylzycia-tresc.pdf&amp;sa=D&amp;sntz=1&amp;usg=AFQjCNGDiE4K-MQcqI2JmMACJuwO03xsIw\" target=\"_blank\" rel=\"noopener noreferrer\"><em>Zdrowy styl \u017cycia uczni\u00f3w w m\u0142odszym wieku szkolnym na Bia\u0142orusi. Raport z bada\u0144<\/em>, Che\u0142m 2016.<\/a><\/li>\n<li id=\"h.p_9IumLeG8kMVv\" class=\"zfr3Q TYR86d\"><a class=\"dhtgD\" href=\"http:\/\/www.google.com\/url?q=http%3A%2F%2Fpwsz.chelm.pl%2Fuczelnia%2Fwydawnictwa%2FP.%2520Mazur_Zaw%25C3%25B3d%2520nauczyciela.pdf&amp;sa=D&amp;sntz=1&amp;usg=AFQjCNFpsZQsLNrMWteNfOqfQ9urXluYvA\" target=\"_blank\" rel=\"noopener noreferrer\"><em>Zaw\u00f3d nauczyciela w ci\u0105gu wiek\u00f3w<\/em>, Che\u0142m 2015.<\/a><\/li>\n<li id=\"h.p_po1ZdEF5kMVl\" class=\"zfr3Q TYR86d\"><a class=\"dhtgD\" href=\"https:\/\/www.google.com\/url?q=https%3A%2F%2Fdepot.ceon.pl%2Fhandle%2F123456789%2F11893%3Fshow%3Dfull&amp;sa=D&amp;sntz=1&amp;usg=AFQjCNETB1XYa1TRxvePlo3_MwwxCmcxMw\" target=\"_blank\" rel=\"noopener noreferrer\"><em>Zarys historii szko\u0142y<\/em>, Kielce-My\u015blenice 2012.<\/a><\/li>\n<li id=\"h.p_QHM3X5EzkMVl\" class=\"zfr3Q TYR86d\"><a href=\"https:\/\/wydawnictwowam.pl\/sites\/wam\/files\/61071_skrot_0.pdf\"><em>Podstawy pedagogiki pastoralnej<\/em>, Krak\u00f3w 2011.<\/a><\/li>\n<li id=\"h.p_-xEsSRRtkMVl\" class=\"zfr3Q TYR86d\"><em>Szkolnictwo na Lubelszczy\u017anie w \u015bwietle prasy lokalnej 1918-1939<\/em>, Lublin 2004.<\/li>\n<\/ul>\n<h2 class=\"zfr3Q\">Artyku\u0142y indeksowane w Scopus i Web of Science:<\/h2>\n<ul>\n<li>Budnyk O., Mazur P., Matsuk L., Berezovska L.,Vovk O., <a href=\"https:\/\/amazoniainvestiga.info\/index.php\/amazonia\/article\/view\/1706\">Development of professional creativity of future teachers (Based on comparative research in Ukraine and Poland)<\/a>, \u201eAmazonia Investiga\u201d 2021, 10 (44), 9-17.<\/li>\n<li>Lachytov\u00e1 L., Mazur P., Depa D., <a href=\"https:\/\/revistainclusiones.org\/index.php\/inclu\/article\/view\/175\">Challenges of contemporary companiesand the concept of &#8222;heroic leadership&#8221;,<\/a>\u00a0&#8222;Revista Inclusiones&#8221; 2021, vol. 8, no 1, s. 1-7.<\/li>\n<li>Budnyk O., Mazur P., Kondur O., Smoliuk S., Palahniuk M., <a href=\"http:\/\/revistainclusiones.org\/index.php\/inclu\/article\/view\/1350\">The problem of spare time of teenagers in mountain regions of Poland and Ukraine,<\/a> \u201eRevista Inclusiones\u201d 2020,\u00a0 vol. 7, s. 493-507.<\/li>\n<li>Mazur P., Budnyk O., Kondur O., Nikolaesku I., Parkulab O., Lazarovych N., Grebeniuk N.,<a href=\"https:\/\/revistainclusiones.org\/index.php\/inclu\/article\/view\/1528\"> Artistic and aesthetic preferences of adolescents in Ukraine and Poland<\/a>, &#8222;Revista Inclusiones&#8221; 2020, vol. 7, s. 593-607.<\/li>\n<li>Mazur P., Rochovsk\u00e1 I. ,\u00a0 K\u013ea\u010dkov\u00e1 B.,\u00a0<a href=\"https:\/\/tner.polsl.pl\/e58\/a4.pdf\">The Issue of Homeschooling in Poland, the Czech Republic and Slovakia from the Perspective of Parents of Homeschooled Children<\/a><em>,<\/em>\u201cThe New Educational Review\u201d 2019, vol. 58, no. 4, s. 54-71.<\/li>\n<li>Mazur P., Mykhailyshyn G., Budnyk O., Serman L., <a href=\"https:\/\/efsupit.ro\/images\/stories\/iulie2018\/Art%20173.pdf\">Promoting a healthy lifestyle among schoolchildren (comparative study between Poland and Ukraine)<\/a>,\u00a0\u201cJournal of Physical Education and Sport\u201d 2018,\u00a018 Supplement issue 2, \u00a0p. 1161-1167.<\/li>\n<li>Budnyk O., Mazur P., <a href=\"https:\/\/tner.polsl.pl\/e47\/a4.pdf\">The Hierarchy of Values Among Young People from Schools in the Mountainous Regions (Comparative study on the example of Poland and Ukraine)<\/a>, \u201cThe New Educational Review\u201d 2017, vol. 47, no. 1, s. 53-66.<\/li>\n<\/ul>\n            <\/div>        <\/div>    <\/div><\/section>\n<section class=\"av_toggle_section\"  itemscope=\"itemscope\" itemtype=\"https:\/\/schema.org\/CreativeWork\" >    <div class=\"single_toggle\" data-tags=\"{All} \" >        <p data-fake-id=\"#toggle-id-13\" class=\"toggler \"  itemprop=\"headline\" >Sta\u017ce naukowe<span class=\"toggle_icon\">        <span class=\"vert_icon\"><\/span><span class=\"hor_icon\"><\/span><\/span><\/p>        <div id=\"toggle-id-13-container\" class=\"toggle_wrap \" >            <div class=\"toggle_content invers-color\"  itemprop=\"text\" ><h2 id=\"h.p_Ni8DEwAcHq4Y\" class=\"zfr3Q\">Sta\u017c naukowy<\/h2>\n<ul class=\"n8H08c UVNKR\">\n<li id=\"h.p_m7NHp4KkIMP2\" class=\"zfr3Q TYR86d\">Katol\u00edcka univerzita v Ru\u017eomberku (Levo\u010da, S\u0142owacja 2015)<\/li>\n<\/ul>\n<h2 id=\"h.p_ewbvmJZbIOGn\" class=\"zfr3Q\">PROGRAM CEEPUS<\/h2>\n<ul class=\"n8H08c UVNKR\">\n<li>Slovensk\u00e1 technick\u00e1 univerzita v Bratislave (S\u0142owacja, 2023)<\/li>\n<li>Pre\u0161ovsk\u00e1 univerzita v Pre\u0161ove (S\u0142owacja, 2023)<\/li>\n<\/ul>\n<h2 id=\"h.p_ewbvmJZbIOGn\" class=\"zfr3Q\">PROGRAM ERASMUS MUNDUS<\/h2>\n<ul>\n<li>Specifics of forming the model of healthy life in the primary school children in Belarus, Erasmus Mundus Action 2 (Brze\u015b\u0107, Bia\u0142oru\u015b 2015-2016)<\/li>\n<\/ul>\n<h2 id=\"h.p_f85b9XEGQxHJ\" class=\"zfr3Q\">PROGRAM ERASMUS+<\/h2>\n<ul class=\"n8H08c UVNKR\">\n<li id=\"h.p_ia1F4_r6zXDI\" class=\"zfr3Q TYR86d\">LLP-ERASMUS+ 2015-2016 (ISM Pre\u0161ov, S\u0142owacja): 20-24.06.2016.<\/li>\n<li id=\"h.p_tRC6sVStzXIY\" class=\"zfr3Q TYR86d\">LLP-ERASMUS+ 2014-2015 (Levo\u010da, S\u0142owacja): 11-15.05.2015.<\/li>\n<li id=\"h.p_MiKOqW2pzgTE\" class=\"zfr3Q TYR86d\">LLP-ERASMUS 2013-2014 (Levo\u010da, S\u0142owacja): 28.04.-5.05.2014.<\/li>\n<li id=\"h.p_boq3nOGbzigL\" class=\"zfr3Q TYR86d\">LLP-ERASMUS 2013-2014 (ISM Pre\u0161ov, S\u0142owacja): 7-11.04.2014.<\/li>\n<li id=\"h.p_sKoN9nSbzisF\" class=\"zfr3Q TYR86d\">LLP-ERASMUS 2012-2013 (ISM Pre\u0161ov, S\u0142owacja): 22-26.04.2013.<\/li>\n<li id=\"h.p_RghnrvmDzmfw\" class=\"zfr3Q TYR86d\">LLP-ERASMUS 2012-2013 (ISM Pre\u0161ov, S\u0142owacja): 18-22.03.2013.<\/li>\n<li id=\"h.p_tnf6ZR5Mzmni\" class=\"zfr3Q TYR86d\">LLP-ERASMUS 2012-2013 (Levo\u010da, S\u0142owacja): 19-23.11.2012.<\/li>\n<li id=\"h.p_DWfgbVxDzrUy\" class=\"zfr3Q TYR86d\">LLP-ERASMUS 2011-2012 (UP Pre\u0161ov, S\u0142owacja): 19-23.03.2012.<\/li>\n<li id=\"h.p_Cc86J6xTzbNT\" class=\"zfr3Q TYR86d\">LLP-ERASMUS 2011-2012 (Levo\u010da, S\u0142owacja): 5-9.12.2011.<\/li>\n<li id=\"h.p_KaYqXeBKzb2e\" class=\"zfr3Q TYR86d\">LLP-ERASMUS 2011-2012 (ISM Pre\u0161ov, S\u0142owacja): 21-25.11.2011.<\/li>\n<li id=\"h.p_-Wo3ejU4zbQk\" class=\"zfr3Q TYR86d\">LLP-ERASMUS 2010-2011 (ISM Pre\u0161ov, S\u0142owacja): 7-11.03.2011.<\/li>\n<li id=\"h.p_w8nSVHWazbTt\" class=\"zfr3Q TYR86d\">LLP-ERASMUS 2010-2011 (Ostrav\u00e1, Czechy): 22-26.11.2010.<\/li>\n<li id=\"h.p_Zcd1ehltz1Du\" class=\"zfr3Q TYR86d\">LLP-ERASMUS 2008-2009 (Ostrav\u00e1, Czechy): 10-14.05.2010.<\/li>\n<li id=\"h.p_JFo86Tgaz1lY\" class=\"zfr3Q TYR86d\">LLP-ERASMUS 2008-2009 (Ru\u017eomberok, S\u0142owacja): 1-5.03.2010.<\/li>\n<li id=\"h.p_eJkoRG57z4xy\" class=\"zfr3Q TYR86d\">LLP-ERASMUS 2008-2009 (Ru\u017eomberok, S\u0142owacja): 28.09.-02.10.2009.<\/li>\n<li id=\"h.p_z-ZK8d4PQxon\" class=\"zfr3Q TYR86d\">LLP-ERASMUS 2008-2009 (Ru\u017eomberok, S\u0142owacja): 24-30.11.2008.<\/li>\n<li class=\"zfr3Q TYR86d\">LLP-ERASMUS+ 2017-2018 (Presov &#8211; 17-21.09.2018, S\u0142owacja)<\/li>\n<\/ul>\n<h2 id=\"h.p_C3aKPHhDTteb\" class=\"zfr3Q\">Visiting Professors :<\/h2>\n<h3>2019<\/h3>\n<ul>\n<li>\u0411\u0440\u044d\u0441\u0446\u043a\u0456 \u0434\u0437\u044f\u0440\u0436\u0430\u045e\u043d\u044b \u0443\u043d\u0456\u0432\u0435\u0440\u0441\u0456\u0442\u044d\u0442 \u0456\u043c\u044f \u0410.\u0421.\u041f\u0443\u0448\u043a\u0456\u043d\u0430 (Bia\u0142oru\u015b)<\/li>\n<li>In\u0161tit\u00fat \u0160tefana N\u00e1halku v Poprade (S\u0142owacja)<\/li>\n<li>Katol\u00edcka univerzita v Ru\u017eomberku (S\u0142owacja)<\/li>\n<\/ul>\n<h3 id=\"h.p_dH96uMI8Vlu3\" class=\"zfr3Q\">2016<\/h3>\n<ul>\n<li id=\"h.p_72MqZDCS0TfR\" class=\"zfr3Q\">\u0411\u0440\u044d\u0441\u0446\u043a\u0456 \u0434\u0437\u044f\u0440\u0436\u0430\u045e\u043d\u044b \u0443\u043d\u0456\u0432\u0435\u0440\u0441\u0456\u0442\u044d\u0442 \u0456\u043c\u044f \u0410.\u0421.\u041f\u0443\u0448\u043a\u0456\u043d\u0430 (Bia\u0142oru\u015b)<\/li>\n<\/ul>\n<h3 id=\"h.p_dH96uMI8Vlu3\" class=\"zfr3Q\">2015<\/h3>\n<ul>\n<li id=\"h.p_dtLRFxHK0VZt\" class=\"zfr3Q\">In\u0161tit\u00fat \u0160tefana N\u00e1halku v Poprade (S\u0142owacja)<\/li>\n<\/ul>\n<h3 id=\"h.p_dH96uMI8Vlu3\" class=\"zfr3Q\">2014<\/h3>\n<ul>\n<li id=\"h.p_d_zK2HGS0Rr7\" class=\"zfr3Q\">Katol\u00edcka univerzita v Ru\u017eomberku (S\u0142owacja)<\/li>\n<li class=\"zfr3Q\">\u0411\u0440\u044d\u0441\u0446\u043a\u0456 \u0434\u0437\u044f\u0440\u0436\u0430\u045e\u043d\u044b \u0443\u043d\u0456\u0432\u0435\u0440\u0441\u0456\u0442\u044d\u0442 \u0456\u043c\u044f \u0410.\u0421.\u041f\u0443\u0448\u043a\u0456\u043d\u0430 (Bia\u0142oru\u015b)<\/li>\n<\/ul>\n<h3 id=\"h.p_dH96uMI8Vlu3\" class=\"zfr3Q\">2013<\/h3>\n<ul>\n<li id=\"h.p_-GcxqvFh0c3f\" class=\"zfr3Q\">In\u0161tit\u00fat Juraja P\u00e1le\u0161a v Levo\u010di (S\u0142owacja)<\/li>\n<li id=\"h.p_JCunYAaC0c3f\" class=\"zfr3Q\">\u0411\u0440\u044d\u0441\u0446\u043a\u0456 \u0434\u0437\u044f\u0440\u0436\u0430\u045e\u043d\u044b \u0443\u043d\u0456\u0432\u0435\u0440\u0441\u0456\u0442\u044d\u0442 \u0456\u043c\u044f \u0410.\u0421.\u041f\u0443\u0448\u043a\u0456\u043d\u0430 (Bia\u0142oru\u015b)<\/li>\n<\/ul>\n<h3 id=\"h.p_dH96uMI8Vlu3\" class=\"zfr3Q\">2012<\/h3>\n<ul>\n<li id=\"h.p_j308rKxG0azx\" class=\"zfr3Q\">Katol\u00edcka univerzita v Ru\u017eomberku (S\u0142owacja)<\/li>\n<li id=\"h.p_bRsRMz6W0azx\" class=\"zfr3Q\">Vysok\u00e1 \u0161kola medzin\u00e1rodn\u00e9ho podnikania ISM Slovakia v Pre\u0161ove (S\u0142owacja)<\/li>\n<li id=\"h.p_OGSfV2jW0azx\" class=\"zfr3Q\">\u0411\u0440\u044d\u0441\u0446\u043a\u0456 \u0434\u0437\u044f\u0440\u0436\u0430\u045e\u043d\u044b \u0443\u043d\u0456\u0432\u0435\u0440\u0441\u0456\u0442\u044d\u0442 \u0456\u043c\u044f \u0410.\u0421.\u041f\u0443\u0448\u043a\u0456\u043d\u0430 (Bia\u0142oru\u015b)<\/li>\n<\/ul>\n<h3 id=\"h.p_dH96uMI8Vlu3\" class=\"zfr3Q\">2011<\/h3>\n<ul>\n<li id=\"h.p_7fpX7wfs0gtW\" class=\"zfr3Q\">In\u0161tit\u00fat Juraja P\u00e1le\u0161a v Levo\u010di (S\u0142owacja)<\/li>\n<li id=\"h.p_uUdP_-y10gtW\" class=\"zfr3Q\">\u041f\u0440\u0438\u043a\u0430\u0440\u043f\u0430\u0442\u0441\u044c\u043a\u0438\u0439 \u043d\u0430\u0446\u0456\u043e\u043d\u0430\u043b\u044c\u043d\u0438\u0439 \u0443\u043d\u0456\u0432\u0435\u0440\u0441\u0438\u0442\u0435\u0442 \u0456\u043c\u0435\u043d\u0456 \u0412\u0430\u0441\u0438\u043b\u044f \u0421\u0442\u0435\u0444\u0430\u043d\u0438\u043a\u0430, \u0406\u0432\u0430\u043d\u043e-\u0424\u0440\u0430\u043d\u043a\u0456\u0432\u0441\u044c\u043a (Ukraina)<\/li>\n<\/ul>\n<h3 id=\"h.p_dH96uMI8Vlu3\" class=\"zfr3Q\">2010<\/h3>\n<ul>\n<li id=\"h.p_X85VcqZB0kUX\" class=\"zfr3Q\">In\u0161tit\u00fat \u0160tefana N\u00e1halku v Poprade (S\u0142owacja)<\/li>\n<li id=\"h.p_15-RM0R90kUY\" class=\"zfr3Q\">Vysok\u00e1 \u0161kola medzin\u00e1rodn\u00e9ho podnikania ISM Slovakia v Pre\u0161ove (S\u0142owacja)<\/li>\n<li id=\"h.p_XJIN1BbJ0kUZ\" class=\"zfr3Q\">Ostravsk\u00e1 Univerzita v Ostrav\u00e9 (Czechy)<\/li>\n<\/ul>\n<h3 id=\"h.p_dH96uMI8Vlu3\" class=\"zfr3Q\">2009<\/h3>\n<ul>\n<li id=\"h.p_WVB383mVVlu3\" class=\"zfr3Q\">Katol\u00edcka univerzita v Ru\u017eomberku (S\u0142owacja)<\/li>\n<li id=\"h.p_4E7bjodlVlu3\" class=\"zfr3Q\">Vysok\u00e1 \u0161kola medzin\u00e1rodn\u00e9ho podnikania ISM Slovakia v Pre\u0161ove (S\u0142owacja)<\/li>\n<\/ul>\n            <\/div>        <\/div>    <\/div><\/section>\n<\/div><\/p><\/div><div  class='hr hr-big '><span class='hr-inner ' ><span class='hr-inner-style'><\/span><\/span><\/div>\n<div class=\"flex_column av_one_third  flex_column_div av-zero-column-padding first  \" style='border-radius:0px; '><p><div style='height:1px; margin-top:-38px'  class='hr hr-invisible '><span class='hr-inner ' ><span class='hr-inner-style'><\/span><\/span><\/div><br \/>\n<div style='padding-bottom:0px;' class='av-special-heading av-special-heading-h1  blockquote modern-quote  '><h1 class='av-special-heading-tag'  itemprop=\"headline\"  >Konferencje <\/h1><div class='special-heading-border'><div class='special-heading-inner-border' ><\/div><\/div><\/div><\/p><\/div><div class=\"flex_column av_two_third  av-animated-generic fade-in  flex_column_div av-zero-column-padding   \" style='border-radius:0px; '><div class=\"togglecontainer toggle_close_all \">\n<section class=\"av_toggle_section\"  itemscope=\"itemscope\" itemtype=\"https:\/\/schema.org\/CreativeWork\" >    <div class=\"single_toggle\" data-tags=\"{All} \" >        <p data-fake-id=\"#toggle-id-14\" class=\"toggler \"  itemprop=\"headline\" >Konferencje naukowe<span class=\"toggle_icon\">        <span class=\"vert_icon\"><\/span><span class=\"hor_icon\"><\/span><\/span><\/p>        <div id=\"toggle-id-14-container\" class=\"toggle_wrap \" >            <div class=\"toggle_content invers-color\"  itemprop=\"text\" ><p id=\"h.p_Rje2PPMklWGD\" class=\"zfr3Q\"><a class=\"dhtgD\" href=\"http:\/\/www.google.com\/url?q=http%3A%2F%2Fwsiwe.pwszchelm.pl%2F&amp;sa=D&amp;sntz=1&amp;usg=AFQjCNFuZNlZ213UXrJff1QmoSJH_c8PEg\" target=\"_blank\" rel=\"noopener noreferrer\">Wsp\u00f3\u0142czesne Strategie i Wyzwania Edukacyjne<\/a><\/p>\n<ul>\n<li id=\"h.p_oiuCD99GmaI7\" class=\"zfr3Q RuayVd\"><a class=\"dhtgD\" href=\"http:\/\/www.google.com\/url?q=http%3A%2F%2Fpwsz.chelm.pl%2Fgaleria%2F16_014%2F&amp;sa=D&amp;sntz=1&amp;usg=AFQjCNHDZ4wHiBLgy3Spm5CbUge2bnai4A\" target=\"_blank\" rel=\"noopener noreferrer\">VII Mi\u0119dzynarodowa Konferencja Naukowa, <em>Spo\u0142eczno-kulturowe uwarunkowania rozwijania kompetencji czytelniczych dzieci i m\u0142odzie\u017cy<\/em>, Che\u0142m 8-10.05.2016.<\/a><\/li>\n<li id=\"h.p_X98bV2ec0z4a\" class=\"zfr3Q RuayVd\"><a class=\"dhtgD\" href=\"http:\/\/www.google.com\/url?q=http%3A%2F%2Fpwsz.chelm.pl%2F%2Fgaleria%2F15_014%2Findex.php&amp;sa=D&amp;sntz=1&amp;usg=AFQjCNEXKexV4b2WPavdH09GeDDYhKTOSQ\" target=\"_blank\" rel=\"noopener noreferrer\">VI Mi\u0119dzynarodowa Konferencja Naukowa, <em>Praca cz\u0142owieka jako kategoria edukacyjna, <\/em>Che\u0142m 8-10.05.2015.<\/a><\/li>\n<li id=\"h.p_gGu6KPt10z9o\" class=\"zfr3Q RuayVd\"><a class=\"dhtgD\" href=\"http:\/\/www.google.com\/url?q=http%3A%2F%2Fpwsz.chelm.pl%2F%2Fgaleria%2F14_024%2Findex.php&amp;sa=D&amp;sntz=1&amp;usg=AFQjCNEj7_UU0vLsEOawGz7sLnAsFKfG-g\" target=\"_blank\" rel=\"noopener noreferrer\">V Mi\u0119dzynarodowa Konferencja Naukowa, <em>W trosce o bezpiecze\u0144stwo dzieci i m\u0142odzie\u017cy<\/em>, Che\u0142m 8-10.05.2014.<\/a><\/li>\n<li id=\"h.p_qFaXAZcC00hZ\" class=\"zfr3Q RuayVd\">IV Mi\u0119dzynarodowa Konferencja Naukowa, <em>Aksjologiczne i wychowawcze aspekty sportu szkolnego<\/em>, Che\u0142m 9-10.05.2013.<\/li>\n<li id=\"h.p_7-HWbqRK00hZ\" class=\"zfr3Q RuayVd\"><a class=\"dhtgD\" href=\"http:\/\/www.google.com\/url?q=http%3A%2F%2Fpwsz.chelm.pl%2F%2Fgaleria%2F05_140%2Findex.php&amp;sa=D&amp;sntz=1&amp;usg=AFQjCNFrhXhVfLFztQqI8vG1lkn0MQN0aw\" target=\"_blank\" rel=\"noopener noreferrer\">III Mi\u0119dzynarodowa Konferencja Naukowa, <em>Szko\u0142a mi\u0119dzy tradycj\u0105 a nowoczesno\u015bci\u0105<\/em>, Che\u0142m 9-10.05.2012.<\/a><\/li>\n<li id=\"h.p_RAwHtIwZ0-dI\" class=\"zfr3Q RuayVd\"><a class=\"dhtgD\" href=\"http:\/\/www.google.com\/url?q=http%3A%2F%2Fpwsz.chelm.pl%2F%2Fgaleria%2F05_084%2Findex.php&amp;sa=D&amp;sntz=1&amp;usg=AFQjCNG84WjcxDbtOt2_hGhOIrvDBekySg\" target=\"_blank\" rel=\"noopener noreferrer\">II Mi\u0119dzynarodowa Konferencja Naukowa, <em>Dylematy teorii i praktyki w edukacji szkolnej, <\/em>Che\u0142m 9-10.05.2011.<\/a><\/li>\n<li id=\"h.p_fKKM-vyrmXd5\" class=\"zfr3Q RuayVd\"><a class=\"dhtgD\" href=\"http:\/\/www.google.com\/url?q=http%3A%2F%2Fpwsz.chelm.pl%2F%2Fgaleria%2F05_046%2Findex.php&amp;sa=D&amp;sntz=1&amp;usg=AFQjCNF-jk9_nrGqr9C2IdU52CX35onRuQ\" target=\"_blank\" rel=\"noopener noreferrer\">I Mi\u0119dzynarodowa Konferencja Naukowa, <em>Kszta\u0142cenie ustawiczne od przedszkola przez ca\u0142e \u017cycie cz\u0142owieka<\/em>, Che\u0142m 24-25.05.2010.<\/a><\/li>\n<\/ul>\n            <\/div>        <\/div>    <\/div><\/section>\n<section class=\"av_toggle_section\"  itemscope=\"itemscope\" itemtype=\"https:\/\/schema.org\/CreativeWork\" >    <div class=\"single_toggle\" data-tags=\"{All} \" >        <p data-fake-id=\"#toggle-id-15\" class=\"toggler \"  itemprop=\"headline\" >Konferencje szkoleniowe<span class=\"toggle_icon\">        <span class=\"vert_icon\"><\/span><span class=\"hor_icon\"><\/span><\/span><\/p>        <div id=\"toggle-id-15-container\" class=\"toggle_wrap \" >            <div class=\"toggle_content invers-color\"  itemprop=\"text\" ><section id=\"h.p_NOuUcFk0pGxo\" class=\"yaqOZd\">\n<div class=\"mYVXT\">\n<div class=\"LS81yb VICjCf\" tabindex=\"-1\">\n<div class=\"hJDwNd-AhqUyc-uQSCkd purZT-AhqUyc-II5mzb pSzOP-AhqUyc-qWD73c JNdkSc\">\n<div class=\"oKdM2c\">\n<div id=\"h.p_nZdk3dFspGxc\" class=\"hJDwNd-AhqUyc-uQSCkd jXK9ad D2fZ2 OjCsFc wHaque GNzUNc\">\n<div class=\"jXK9ad-SmKAyb jXK9ad-SmKAyb-c4YZDc\">\n<div class=\"tyJCtd mGzaTb baZpAe\">\n<h3 id=\"h.p_vX2JlRiK1M8p\" class=\"zfr3Q\">2017<\/h3>\n<ul>\n<li id=\"h.p_ILAL2dK31gZj\" class=\"zfr3Q\">II Konferencja Przedstawicieli Organ\u00f3w Prowadz\u0105cych i Zarz\u0105dzaj\u0105cych Plac\u00f3wkami O\u015bwiatowymi, <em>Samorz\u0105d terytorialny a zreformowana szko\u0142a, <\/em>Che\u0142m 14-15.09.2017.<\/li>\n<li id=\"h.p_hrwgS4bY1iBh\" class=\"zfr3Q\"><a class=\"dhtgD\" href=\"http:\/\/www.google.com\/url?q=http%3A%2F%2Fedufakty.pl%2Fkonferencje%2Fforum-dyrektorow%2F%231471288839693-8d6f8363-3ade&amp;sa=D&amp;sntz=1&amp;usg=AFQjCNHCDB_Gat44G5gVE6zmy6Cj5sBg3Q\" target=\"_blank\" rel=\"noopener noreferrer\">I Forum Dyrektor\u00f3w Szk\u00f3\u0142 i Samorz\u0105dowc\u00f3w, <em>Innowacje, dialog i wsp\u00f3\u0142praca<\/em>, Na\u0142\u0119cz\u00f3w 18-19.05.2017.<\/a><\/li>\n<li id=\"h.p_nj4kcuRF1kJQ\" class=\"zfr3Q\"><a class=\"dhtgD\" href=\"http:\/\/www.google.com\/url?q=http%3A%2F%2Fedufakty.pl%2Fkonferencje%2Fv-konferencja-dyrektorow-szkol-zawodowych-i-centrow-ksztalcenia-praktycznego%2F&amp;sa=D&amp;sntz=1&amp;usg=AFQjCNFrUWZ5qZTFbtxApZUDBNxKgoCGXg\" target=\"_blank\" rel=\"noopener noreferrer\">V Konferencja Dyrektor\u00f3w Szk\u00f3\u0142 Zawodowych i Centr\u00f3w Kszta\u0142cenia Praktycznego,<em> Nowy typ szko\u0142y w kontek\u015bcie prawnym, spo\u0142ecznym i technologicznym<\/em>, Stryk\u00f3w 31.03-1.04.2017.<\/a><\/li>\n<li id=\"h.p_-yAn6iQt1OrF\" class=\"zfr3Q\"><a class=\"dhtgD\" href=\"http:\/\/www.google.com\/url?q=http%3A%2F%2Fedufakty.pl%2Fkonferencje%2Fforum-rektorow-szkol-wyzszych%2F&amp;sa=D&amp;sntz=1&amp;usg=AFQjCNGPOmB3QpVM4xAnHwlDVilzQsUiSg\" target=\"_blank\" rel=\"noopener noreferrer\">II Konferencja Rektor\u00f3w i Zarz\u0105dzaj\u0105cych Szko\u0142ami Wy\u017cszymi, <em>Zarz\u0105dzanie szko\u0142ami wy\u017cszymi w kontek\u015bcie prawnym, spo\u0142ecznym, technologicznym<\/em>, Wieliczka 9-10.03.2017.<\/a><\/li>\n<\/ul>\n<\/div>\n<\/div>\n<\/div>\n<\/div>\n<\/div>\n<\/div>\n<\/div>\n<\/section>\n<section id=\"h.p_nvQoBPK0rGMo\" class=\"yaqOZd WxWicb\">\n<h3 class=\"yaqOZd IFuOkc\">2016<\/h3>\n<\/section>\n<section id=\"h.p_mGfAWOIVrHEO\" class=\"yaqOZd\">\n<div class=\"mYVXT\">\n<div class=\"LS81yb VICjCf\" tabindex=\"-1\">\n<div class=\"hJDwNd-AhqUyc-uQSCkd purZT-AhqUyc-II5mzb pSzOP-AhqUyc-qWD73c JNdkSc\">\n<div class=\"oKdM2c\">\n<div id=\"h.p_Q1BcPjXqrHEB\" class=\"hJDwNd-AhqUyc-uQSCkd jXK9ad D2fZ2 OjCsFc wHaque GNzUNc\">\n<div class=\"jXK9ad-SmKAyb jXK9ad-SmKAyb-c4YZDc\">\n<div class=\"tyJCtd mGzaTb baZpAe\">\n<ul>\n<li id=\"h.p_8jq9Q2N51T15\" class=\"zfr3Q\"><a class=\"dhtgD\" href=\"http:\/\/www.google.com\/url?q=http%3A%2F%2Fedufakty.pl%2F2016%2F12%2F13%2Fi-forum-rektorow-i-zarzadzajacych-szkolami-wyzszymi-za-nami%2F&amp;sa=D&amp;sntz=1&amp;usg=AFQjCNGF6ef2Oqp7S6cSBKRBKewJBGsl3A\" target=\"_blank\" rel=\"noopener noreferrer\">I Konferencja Rektor\u00f3w i Zarz\u0105dzaj\u0105cych Szko\u0142ami Wy\u017cszymi, Kazimierz Dolny 22-23.11.2016.<\/a><\/li>\n<li id=\"h.p_O9DlMNwX1WFd\" class=\"zfr3Q\"><a class=\"dhtgD\" href=\"http:\/\/www.google.com\/url?q=http%3A%2F%2Fedufakty.pl%2F2016%2F11%2F10%2Fi-kongres-dyrektorow-szkol-ponadgimnazjalnych-za-nami%2F&amp;sa=D&amp;sntz=1&amp;usg=AFQjCNEdaS8YvOKJx86QOGEORyr8KiyhUg\" target=\"_blank\" rel=\"noopener noreferrer\">I Kongres Dyrektor\u00f3w Szk\u00f3\u0142 Ponadgimnazjalnych, Warszawa 27-28.10.2016.<\/a><\/li>\n<li id=\"h.p_-oh6Sz081R0l\" class=\"zfr3Q\"><a class=\"dhtgD\" href=\"http:\/\/www.google.com\/url?q=http%3A%2F%2Fpwsz.chelm.pl%2Fgaleria%2F16_031%2F&amp;sa=D&amp;sntz=1&amp;usg=AFQjCNESpyhSKHloqQdoB8B--y_L8ymoqw\" target=\"_blank\" rel=\"noopener noreferrer\">I Konferencja Przedstawicieli Organ\u00f3w Prowadz\u0105cych i Zarz\u0105dzaj\u0105cych Plac\u00f3wkami O\u015bwiatowymi, <em>Samorz\u0105d terytorialny a wsp\u00f3\u0142czesna szko\u0142a, <\/em>Che\u0142m 16-17.09.2016.<\/a><\/li>\n<\/ul>\n<\/div>\n<\/div>\n<\/div>\n<\/div>\n<\/div>\n<\/div>\n<\/div>\n<\/section>\n            <\/div>        <\/div>    <\/div><\/section>\n<\/div><\/div><div  class='hr hr-big '><span class='hr-inner ' ><span class='hr-inner-style'><\/span><\/span><\/div>\n<div class=\"flex_column av_one_third  flex_column_div av-zero-column-padding first  \" style='border-radius:0px; '><p><div style='height:1px; margin-top:-18px'  class='hr hr-invisible '><span class='hr-inner ' ><span class='hr-inner-style'><\/span><\/span><\/div><br \/>\n<div style='padding-bottom:0px;' class='av-special-heading av-special-heading-h1  blockquote modern-quote  '><h1 class='av-special-heading-tag'  itemprop=\"headline\"  >Profile<\/h1><div class='special-heading-border'><div class='special-heading-inner-border' ><\/div><\/div><\/div><\/p><\/div><div class=\"flex_column av_one_fifth  flex_column_div av-zero-column-padding   \" style='border-radius:0px; '><div class='avia-image-container  av-styling-no-styling   avia-align-center '  itemscope=\"itemscope\" itemtype=\"https:\/\/schema.org\/ImageObject\"  ><div class='avia-image-container-inner'><a href='https:\/\/www.scopus.com\/authid\/detail.uri?authorId=57194066714' class='avia_image'   target=\"_blank\" ><img class='avia_image ' src='https:\/\/psmazur.pl\/wp-content\/uploads\/2016\/02\/scopus.png' alt='' title='scopus'  itemprop=\"thumbnailUrl\"  \/><\/a><\/div><\/div><\/div><div class=\"flex_column av_one_fifth  flex_column_div av-zero-column-padding   \" style='border-radius:0px; '><div class='avia-image-container  av-styling-no-styling   avia-align-center '  itemscope=\"itemscope\" itemtype=\"https:\/\/schema.org\/ImageObject\"  ><div class='avia-image-container-inner'><a href='http:\/\/nauka-polska.pl\/#\/profile\/scientist?id=122314&amp;_k=fid2g9' class='avia_image'   target=\"_blank\" ><img class='avia_image ' src='https:\/\/psmazur.pl\/wp-content\/uploads\/2016\/02\/loga-OPI-1.png' alt='' title='loga-OPI'  itemprop=\"thumbnailUrl\"  \/><\/a><\/div><\/div><\/div><div class=\"flex_column av_one_fifth  flex_column_div av-zero-column-padding   \" style='border-radius:0px; '><div class='avia-image-container  av-styling-no-styling   avia-align-center '  itemscope=\"itemscope\" itemtype=\"https:\/\/schema.org\/ImageObject\"  ><div class='avia-image-container-inner'><a href='https:\/\/recenzenci.opi.org.pl\/sssr-web\/site\/people-details;jsessionid=mr4ressOhFKUDuVEt1GS64E9.undefined?personId=9c81eb03f54f51e8' class='avia_image'   target=\"_blank\" ><img class='avia_image ' src='https:\/\/psmazur.pl\/wp-content\/uploads\/2016\/02\/loga-swwr-1.png' alt='' title='loga-swwr'  itemprop=\"thumbnailUrl\"  \/><\/a><\/div><\/div><\/div><div class=\"flex_column av_one_third  flex_column_div av-zero-column-padding first  \" style='border-radius:0px; '><\/div><div class=\"flex_column av_one_fifth  flex_column_div av-zero-column-padding   \" style='border-radius:0px; '><div class='avia-image-container  av-styling-no-styling   avia-align-center '  itemscope=\"itemscope\" itemtype=\"https:\/\/schema.org\/ImageObject\"  ><div class='avia-image-container-inner'><a href='https:\/\/kreobox.pl\/spolecznosc\/id\/3427.html' class='avia_image'   target=\"_blank\" ><img class='avia_image ' src='https:\/\/psmazur.pl\/wp-content\/uploads\/2016\/02\/loga-kreobox-1.png' alt='' title='loga-kreobox'  itemprop=\"thumbnailUrl\"  \/><\/a><\/div><\/div><\/div><div class=\"flex_column av_one_fifth  flex_column_div av-zero-column-padding   \" style='border-radius:0px; '><div class='avia-image-container  av-styling-no-styling   avia-align-center '  itemscope=\"itemscope\" itemtype=\"https:\/\/schema.org\/ImageObject\"  ><div class='avia-image-container-inner'><a href='https:\/\/www.google.com\/url?q=https%3A%2F%2Finventorum.opi.org.pl%2Finventorum-web%2Fperson%2Fprofile%3F_tab%253ApersonTabView%253AinfoForm%253AinfoTabView%3D0%26_tab%253ApersonTabView%3D0&amp;sa=D&amp;sntz=1&amp;usg=AFQjCNFlNtgJMZcOupXUWvfqTpIAdBBYig' class='avia_image'   target=\"_blank\" ><img class='avia_image ' src='https:\/\/psmazur.pl\/wp-content\/uploads\/2016\/02\/loga-inventorum-1.png' alt='' title='loga-inventorum'  itemprop=\"thumbnailUrl\"  \/><\/a><\/div><\/div><\/div><div class=\"flex_column av_one_fifth  flex_column_div av-zero-column-padding   \" style='border-radius:0px; '><div class='avia-image-container  av-styling-no-styling   avia-align-center '  itemscope=\"itemscope\" itemtype=\"https:\/\/schema.org\/ImageObject\"  ><div class='avia-image-container-inner'><a href='https:\/\/www.researchgate.net\/home ' class='avia_image'   target=\"_blank\" ><img class='avia_image ' src='https:\/\/psmazur.pl\/wp-content\/uploads\/2018\/02\/logo-reserchgate-300x300.png' alt='' title='logo-reserchgate'  itemprop=\"thumbnailUrl\"  \/><\/a><\/div><\/div><\/div><div class=\"flex_column av_one_third  flex_column_div av-zero-column-padding first  \" style='border-radius:0px; '><\/div><div class=\"flex_column av_one_fifth  flex_column_div av-zero-column-padding   \" style='border-radius:0px; '><div class='avia-image-container  av-styling-no-styling   avia-align-center '  itemscope=\"itemscope\" itemtype=\"https:\/\/schema.org\/ImageObject\"  ><div class='avia-image-container-inner'><a href='https:\/\/publons.com\/a\/1368314' class='avia_image'   target=\"_blank\" ><img class='avia_image ' src='https:\/\/psmazur.pl\/wp-content\/uploads\/2018\/02\/logo-publons-300x300.png' alt='' title='logo-publons'  itemprop=\"thumbnailUrl\"  \/><\/a><\/div><\/div><\/div><div  class='hr hr-big '><span class='hr-inner ' ><span class='hr-inner-style'><\/span><\/span><\/div>\n<div class=\"flex_column av_one_third  flex_column_div av-zero-column-padding first  \" style='border-radius:0px; '><p><div style='height:1px; margin-top:-18px'  class='hr hr-invisible '><span class='hr-inner ' ><span class='hr-inner-style'><\/span><\/span><\/div><br \/>\n<div style='padding-bottom:0px;' class='av-special-heading av-special-heading-h1  blockquote modern-quote  '><h1 class='av-special-heading-tag'  itemprop=\"headline\"  >Bibliometria<\/h1><div class='special-heading-border'><div class='special-heading-inner-border' ><\/div><\/div><\/div><\/p><\/div><div class=\"flex_column av_one_fifth  flex_column_div av-zero-column-padding   \" style='border-radius:0px; '><div class='avia-image-container  av-styling-no-styling   avia-align-center '  itemscope=\"itemscope\" itemtype=\"https:\/\/schema.org\/ImageObject\"  ><div class='avia-image-container-inner'><a href='https:\/\/www.google.com\/url?q=https%3A%2F%2Fpbn.nauka.gov.pl%2Fsedno-webapp%2Fpersons%2F915762%2F&amp;sa=D&amp;sntz=1&amp;usg=AFQjCNFHaEvCQaoJKmkURriT2gdXBSJvEg' class='avia_image'   target=\"_blank\" ><img class='avia_image ' src='https:\/\/psmazur.pl\/wp-content\/uploads\/2016\/02\/pbn_-_strona_glowna.png' alt='' title='pbn_-_strona_glowna'  itemprop=\"thumbnailUrl\"  \/><\/a><\/div><\/div><\/div><div class=\"flex_column av_one_fifth  flex_column_div av-zero-column-padding   \" style='border-radius:0px; '><div class='avia-image-container  av-styling-no-styling   avia-align-center '  itemscope=\"itemscope\" itemtype=\"https:\/\/schema.org\/ImageObject\"  ><div class='avia-image-container-inner'><a href='https:\/\/depot.ceon.pl\/discover?filtertype=author&amp;filter_relational_operator=equals&amp;filter=Mazur%2C+Piotr' class='avia_image'   target=\"_blank\" ><img class='avia_image ' src='https:\/\/psmazur.pl\/wp-content\/uploads\/2016\/02\/biblio-ceon.png' alt='' title='biblio-ceon'  itemprop=\"thumbnailUrl\"  \/><\/a><\/div><\/div><\/div><div class=\"flex_column av_one_fifth  flex_column_div av-zero-column-padding   \" style='border-radius:0px; '><div class='avia-image-container  av-styling-no-styling   avia-align-center '  itemscope=\"itemscope\" itemtype=\"https:\/\/schema.org\/ImageObject\"  ><div class='avia-image-container-inner'><a href='https:\/\/scholar.google.pl\/citations?user=oCLNNKEAAAAJ&amp;hl=pl' class='avia_image'   target=\"_blank\" ><img class='avia_image ' src='https:\/\/psmazur.pl\/wp-content\/uploads\/2016\/02\/Google_Scholar_logo_2015.png' alt='' title='Google_Scholar_logo_2015'  itemprop=\"thumbnailUrl\"  \/><\/a><\/div><\/div><\/div><div class=\"flex_column av_one_third  flex_column_div av-zero-column-padding first  \" style='border-radius:0px; '><\/div><div class=\"flex_column av_one_fifth  flex_column_div av-zero-column-padding   \" style='border-radius:0px; '><div class='avia-image-container  av-styling-no-styling   avia-align-center '  itemscope=\"itemscope\" itemtype=\"https:\/\/schema.org\/ImageObject\"  ><div class='avia-image-container-inner'><a href='http:\/\/www.google.com\/url?q=http%3A%2F%2Fwww.researcherid.com%2Frid%2FG-5059-2017&amp;sa=D&amp;sntz=1&amp;usg=AFQjCNFsKLtkzJNDi7c5iaXT1O2KbcLXXg' class='avia_image'   target=\"_blank\" ><img class='avia_image ' src='https:\/\/psmazur.pl\/wp-content\/uploads\/2016\/02\/ResearcherID.png' alt='' title='ResearcherID'  itemprop=\"thumbnailUrl\"  \/><\/a><\/div><\/div><\/div><div class=\"flex_column av_one_fifth  flex_column_div av-zero-column-padding   \" style='border-radius:0px; '><div class='avia-image-container  av-styling-no-styling   avia-align-center '  itemscope=\"itemscope\" itemtype=\"https:\/\/schema.org\/ImageObject\"  ><div class='avia-image-container-inner'><a href='http:\/\/www.google.com\/url?q=http%3A%2F%2Forcid.org%2F0000-0002-3488-2940&amp;sa=D&amp;sntz=1&amp;usg=AFQjCNGfPf1BlsDEX6Xm860nlVW0qbnNYw' class='avia_image'   target=\"_blank\" ><img class='avia_image ' src='https:\/\/psmazur.pl\/wp-content\/uploads\/2016\/02\/orcid-logo.png' alt='' title='orcid-logo'  itemprop=\"thumbnailUrl\"  \/><\/a><\/div><\/div><\/div><div  class='hr hr-big '><span class='hr-inner ' ><span class='hr-inner-style'><\/span><\/span><\/div>\n<div class=\"flex_column av_one_third  flex_column_div av-zero-column-padding first  \" style='border-radius:0px; '><div style='padding-bottom:0px;' class='av-special-heading av-special-heading-h1  blockquote modern-quote  '><h1 class='av-special-heading-tag'  itemprop=\"headline\"  >Kontakt<\/h1><div class='special-heading-border'><div class='special-heading-inner-border' ><\/div><\/div><\/div><\/div><div class=\"flex_column av_two_third  av-animated-generic fade-in  flex_column_div av-zero-column-padding   \" style='border-radius:0px; '><section class=\"av_textblock_section\"  itemscope=\"itemscope\" itemtype=\"https:\/\/schema.org\/CreativeWork\" ><div class='avia_textblock '   itemprop=\"text\" ><p>Napisz<\/p>\n<p><strong><a href=\"mailto:psmazur@gmail.com\">psmazur@gmail.com<\/a><\/strong><\/p>\n<\/div><\/section><\/div>\n","protected":false},"excerpt":{"rendered":"","protected":false},"author":1,"featured_media":0,"parent":0,"menu_order":0,"comment_status":"closed","ping_status":"open","template":"","meta":{"footnotes":""},"class_list":["post-14","page","type-page","status-publish","hentry"],"_links":{"self":[{"href":"https:\/\/psmazur.pl\/index.php?rest_route=\/wp\/v2\/pages\/14","targetHints":{"allow":["GET"]}}],"collection":[{"href":"https:\/\/psmazur.pl\/index.php?rest_route=\/wp\/v2\/pages"}],"about":[{"href":"https:\/\/psmazur.pl\/index.php?rest_route=\/wp\/v2\/types\/page"}],"author":[{"embeddable":true,"href":"https:\/\/psmazur.pl\/index.php?rest_route=\/wp\/v2\/users\/1"}],"replies":[{"embeddable":true,"href":"https:\/\/psmazur.pl\/index.php?rest_route=%2Fwp%2Fv2%2Fcomments&post=14"}],"version-history":[{"count":114,"href":"https:\/\/psmazur.pl\/index.php?rest_route=\/wp\/v2\/pages\/14\/revisions"}],"predecessor-version":[{"id":312,"href":"https:\/\/psmazur.pl\/index.php?rest_route=\/wp\/v2\/pages\/14\/revisions\/312"}],"wp:attachment":[{"href":"https:\/\/psmazur.pl\/index.php?rest_route=%2Fwp%2Fv2%2Fmedia&parent=14"}],"curies":[{"name":"wp","href":"https:\/\/api.w.org\/{rel}","templated":true}]}}